{"id":6722,"date":"2025-10-03T16:05:32","date_gmt":"2025-10-03T16:05:32","guid":{"rendered":"https:\/\/araisemprecultura.cat\/index.php\/pois\/colla-bastonera-del-montserrati\/"},"modified":"2025-10-12T11:09:46","modified_gmt":"2025-10-12T11:09:46","slug":"colla-bastonera-del-montserrati","status":"publish","type":"poi","link":"https:\/\/araisemprecultura.cat\/index.php\/pois\/colla-bastonera-del-montserrati\/","title":{"rendered":"Colla Bastonera del Montserrat\u00ed"},"content":{"rendered":"\n<!-- Dades b\u00e0siques -->\n<section>\n  <h2>Dades b\u00e0siques<\/h2>\n  <ul>\n    <li><strong>Comarca:<\/strong> Montserrat\u00ed<\/li>\n    <li><strong>Any de creaci\u00f3:<\/strong> 2005<\/li>\n  <\/ul>\n<\/section>\n\n<!-- Motiu -->\n<section>\n  <h2>Motiu pel qual ballem<\/h2>\n  <p>\n    La colla assemble\u00e0ria i mixta es defineix del Montserrat\u00ed per tal d\u2019ajudar a crear un teixit social, \n    i promoure la defensa comarcal del Montserrat\u00ed i a la vegada per a estendre la cultura del ball de bastons \n    arreu dels Pa\u00efsos Catalans.\n  <\/p>\n<\/section>\n\n<!-- Calendari -->\n<section>\n  <h2>Calendari<\/h2>\n  <ul>\n    <li><strong>Per\u00edode d\u2019assajos:<\/strong> tot l\u2019any, excepte agost<\/li>\n    <li><strong>Per\u00edode d\u2019actuacions:<\/strong> tot l\u2019any, excepte agost<\/li>\n  <\/ul>\n<\/section>\n\n<!-- Actuacions fixes -->\n<section>\n  <h2>Actuacions fixes a l\u2019any<\/h2>\n  <ul>\n    <li>Cercavila Santa Eul\u00e0lia: dissabte m\u00e9s pr\u00f2xim al 12 de febrer<\/li>\n    <li>Passada Bastonera: dissabte m\u00e9s pr\u00f2xim al 12 de febrer<\/li>\n    <li>Aplec del Puig: dilluns de Pasqua<\/li>\n    <li>Festa de la FEDE: maig<\/li>\n    <li>Mostra de cultura popular a la Barraka Alternativa d\u2019Esparreguera: dijous abans del segon diumenge de juliol<\/li>\n    <li>Cercavila de Festa Major: segon diumenge de juliol<\/li>\n    <li>Trobada Bastonera Montserrat\u00ed: segon diumenge de juliol<\/li>\n    <li>Tancament temporada a Montserrat: novembre &#8211; desembre<\/li>\n  <\/ul>\n<\/section>\n\n<!-- Repertori -->\n<section>\n  <h2>Repertori<\/h2>\n  <p>Els nostres 5 balls m\u00e9s caracter\u00edstics s\u00f3n:<\/p>\n  <ul>\n    <li>El Mongeter<\/li>\n    <li>La Nova<\/li>\n    <li>La Moreneta<\/li>\n    <li>El Nou d\u2019Abrera<\/li>\n    <li>El Gar\u00e7ot<\/li>\n  <\/ul>\n<\/section>\n\n<!-- Perfil de dansaires -->\n<section>\n  <h2>Perfil de dansaires<\/h2>\n\n  <h3>G\u00e8nere<\/h3>\n  <ul style=\"list-style:none; padding:0; margin:0;\">\n    <li><span style=\"color:#cf7268\">\u25a0<\/span> Dones: 74%<\/li>\n    <li><span style=\"color:#e39b6b\">\u25a0<\/span> Homes: 26%<\/li>\n    <li><span style=\"color:#d2c58a\">\u25a0<\/span> No binari: 0%<\/li>\n  <\/ul>\n\n  <h3>Edat<\/h3>\n  <ul style=\"list-style:none; padding:0; margin:0;\">\n    <li><span style=\"color:#87ca79\">\u25a0<\/span> -16: 43%<\/li>\n    <li><span style=\"color:#8aa7c8\">\u25a0<\/span> 16\u201335: 55%<\/li>\n    <li><span style=\"color:#b16eb1\">\u25a0<\/span> 35\u201365: 2%<\/li>\n    <li><span style=\"color:#de9ac9\">\u25a0<\/span> +65: 0%<\/li>\n  <\/ul>\n<\/section>\n\n\n\n<figure class=\"wp-block-image size-large\"><img fetchpriority=\"high\" decoding=\"async\" width=\"868\" height=\"1024\" src=\"https:\/\/araisemprecultura.cat\/wp-content\/uploads\/2025\/10\/Montserrati-868x1024.png\" alt=\"\" class=\"wp-image-6903\" srcset=\"https:\/\/araisemprecultura.cat\/wp-content\/uploads\/2025\/10\/Montserrati-868x1024.png 868w, https:\/\/araisemprecultura.cat\/wp-content\/uploads\/2025\/10\/Montserrati-254x300.png 254w, https:\/\/araisemprecultura.cat\/wp-content\/uploads\/2025\/10\/Montserrati-768x906.png 768w, https:\/\/araisemprecultura.cat\/wp-content\/uploads\/2025\/10\/Montserrati-1303x1536.png 1303w, https:\/\/araisemprecultura.cat\/wp-content\/uploads\/2025\/10\/Montserrati-1737x2048.png 1737w, https:\/\/araisemprecultura.cat\/wp-content\/uploads\/2025\/10\/Montserrati-1200x1415.png 1200w, https:\/\/araisemprecultura.cat\/wp-content\/uploads\/2025\/10\/Montserrati-1980x2335.png 1980w\" sizes=\"(max-width: 868px) 100vw, 868px\" \/><\/figure>\n","protected":false},"featured_media":0,"template":"","poi_category":[22],"class_list":["post-6722","poi","type-poi","status-publish","hentry"],"acf":[],"yoast_head":"<!-- This site is optimized with the Yoast SEO plugin v21.8 - https:\/\/yoast.com\/wordpress\/plugins\/seo\/ -->\n<title>Colla Bastonera del Montserrat\u00ed - ARA I SEMPRE<\/title>\n<meta name=\"robots\" content=\"index, follow, max-snippet:-1, max-image-preview:large, max-video-preview:-1\" \/>\n<link rel=\"canonical\" href=\"https:\/\/araisemprecultura.cat\/index.php\/pois\/colla-bastonera-del-montserrati\/\" \/>\n<meta property=\"og:locale\" content=\"ca_ES\" \/>\n<meta property=\"og:type\" content=\"article\" \/>\n<meta property=\"og:title\" content=\"Colla Bastonera del Montserrat\u00ed - ARA I SEMPRE\" \/>\n<meta property=\"og:description\" content=\"Dades b\u00e0siques Comarca: Montserrat\u00ed Any de creaci\u00f3: 2005 Motiu pel qual ballem La colla assemble\u00e0ria i mixta es defineix del Montserrat\u00ed per tal d\u2019ajudar a crear un teixit social, i promoure la defensa comarcal del Montserrat\u00ed i a la vegada per a estendre la cultura del ball de bastons arreu dels Pa\u00efsos Catalans. Calendari Per\u00edode [&hellip;]\" \/>\n<meta property=\"og:url\" content=\"https:\/\/araisemprecultura.cat\/index.php\/pois\/colla-bastonera-del-montserrati\/\" \/>\n<meta property=\"og:site_name\" content=\"ARA I SEMPRE\" \/>\n<meta property=\"article:modified_time\" content=\"2025-10-12T11:09:46+00:00\" \/>\n<meta property=\"og:image\" content=\"https:\/\/araisemprecultura.cat\/wp-content\/uploads\/2025\/10\/Montserrati-868x1024.png\" \/>\n<meta name=\"twitter:card\" content=\"summary_large_image\" \/>\n<meta name=\"twitter:label1\" content=\"Temps estimat de lectura\" \/>\n\t<meta name=\"twitter:data1\" content=\"2 minuts\" \/>\n<script type=\"application\/ld+json\" class=\"yoast-schema-graph\">{\"@context\":\"https:\/\/schema.org\",\"@graph\":[{\"@type\":\"WebPage\",\"@id\":\"https:\/\/araisemprecultura.cat\/index.php\/pois\/colla-bastonera-del-montserrati\/\",\"url\":\"https:\/\/araisemprecultura.cat\/index.php\/pois\/colla-bastonera-del-montserrati\/\",\"name\":\"Colla Bastonera del Montserrat\u00ed - ARA I SEMPRE\",\"isPartOf\":{\"@id\":\"https:\/\/araisemprecultura.cat\/#website\"},\"datePublished\":\"2025-10-03T16:05:32+00:00\",\"dateModified\":\"2025-10-12T11:09:46+00:00\",\"breadcrumb\":{\"@id\":\"https:\/\/araisemprecultura.cat\/index.php\/pois\/colla-bastonera-del-montserrati\/#breadcrumb\"},\"inLanguage\":\"ca\",\"potentialAction\":[{\"@type\":\"ReadAction\",\"target\":[\"https:\/\/araisemprecultura.cat\/index.php\/pois\/colla-bastonera-del-montserrati\/\"]}]},{\"@type\":\"BreadcrumbList\",\"@id\":\"https:\/\/araisemprecultura.cat\/index.php\/pois\/colla-bastonera-del-montserrati\/#breadcrumb\",\"itemListElement\":[{\"@type\":\"ListItem\",\"position\":1,\"name\":\"Inici\",\"item\":\"https:\/\/araisemprecultura.cat\/\"},{\"@type\":\"ListItem\",\"position\":2,\"name\":\"POIs\",\"item\":\"https:\/\/araisemprecultura.cat\/index.php\/pois\/\"},{\"@type\":\"ListItem\",\"position\":3,\"name\":\"Colla Bastonera del Montserrat\u00ed\"}]},{\"@type\":\"WebSite\",\"@id\":\"https:\/\/araisemprecultura.cat\/#website\",\"url\":\"https:\/\/araisemprecultura.cat\/\",\"name\":\"ARA I SEMPRE\",\"description\":\"\",\"publisher\":{\"@id\":\"https:\/\/araisemprecultura.cat\/#organization\"},\"potentialAction\":[{\"@type\":\"SearchAction\",\"target\":{\"@type\":\"EntryPoint\",\"urlTemplate\":\"https:\/\/araisemprecultura.cat\/?s={search_term_string}\"},\"query-input\":\"required name=search_term_string\"}],\"inLanguage\":\"ca\"},{\"@type\":\"Organization\",\"@id\":\"https:\/\/araisemprecultura.cat\/#organization\",\"name\":\"ARA I SEMPRE\",\"url\":\"https:\/\/araisemprecultura.cat\/\",\"logo\":{\"@type\":\"ImageObject\",\"inLanguage\":\"ca\",\"@id\":\"https:\/\/araisemprecultura.cat\/#\/schema\/logo\/image\/\",\"url\":\"https:\/\/araisemprecultura.cat\/wp-content\/uploads\/2022\/02\/Disseny-imatge-ara-i-sempre-161.png\",\"contentUrl\":\"https:\/\/araisemprecultura.cat\/wp-content\/uploads\/2022\/02\/Disseny-imatge-ara-i-sempre-161.png\",\"width\":\"1962\",\"height\":\"713\",\"caption\":\"ARA I SEMPRE\"},\"image\":{\"@id\":\"https:\/\/araisemprecultura.cat\/#\/schema\/logo\/image\/\"}}]}<\/script>\n<!-- \/ Yoast SEO plugin. -->","yoast_head_json":{"title":"Colla Bastonera del Montserrat\u00ed - ARA I SEMPRE","robots":{"index":"index","follow":"follow","max-snippet":"max-snippet:-1","max-image-preview":"max-image-preview:large","max-video-preview":"max-video-preview:-1"},"canonical":"https:\/\/araisemprecultura.cat\/index.php\/pois\/colla-bastonera-del-montserrati\/","og_locale":"ca_ES","og_type":"article","og_title":"Colla Bastonera del Montserrat\u00ed - ARA I SEMPRE","og_description":"Dades b\u00e0siques Comarca: Montserrat\u00ed Any de creaci\u00f3: 2005 Motiu pel qual ballem La colla assemble\u00e0ria i mixta es defineix del Montserrat\u00ed per tal d\u2019ajudar a crear un teixit social, i promoure la defensa comarcal del Montserrat\u00ed i a la vegada per a estendre la cultura del ball de bastons arreu dels Pa\u00efsos Catalans. Calendari Per\u00edode [&hellip;]","og_url":"https:\/\/araisemprecultura.cat\/index.php\/pois\/colla-bastonera-del-montserrati\/","og_site_name":"ARA I SEMPRE","article_modified_time":"2025-10-12T11:09:46+00:00","og_image":[{"url":"https:\/\/araisemprecultura.cat\/wp-content\/uploads\/2025\/10\/Montserrati-868x1024.png"}],"twitter_card":"summary_large_image","twitter_misc":{"Temps estimat de lectura":"2 minuts"},"schema":{"@context":"https:\/\/schema.org","@graph":[{"@type":"WebPage","@id":"https:\/\/araisemprecultura.cat\/index.php\/pois\/colla-bastonera-del-montserrati\/","url":"https:\/\/araisemprecultura.cat\/index.php\/pois\/colla-bastonera-del-montserrati\/","name":"Colla Bastonera del Montserrat\u00ed - ARA I SEMPRE","isPartOf":{"@id":"https:\/\/araisemprecultura.cat\/#website"},"datePublished":"2025-10-03T16:05:32+00:00","dateModified":"2025-10-12T11:09:46+00:00","breadcrumb":{"@id":"https:\/\/araisemprecultura.cat\/index.php\/pois\/colla-bastonera-del-montserrati\/#breadcrumb"},"inLanguage":"ca","potentialAction":[{"@type":"ReadAction","target":["https:\/\/araisemprecultura.cat\/index.php\/pois\/colla-bastonera-del-montserrati\/"]}]},{"@type":"BreadcrumbList","@id":"https:\/\/araisemprecultura.cat\/index.php\/pois\/colla-bastonera-del-montserrati\/#breadcrumb","itemListElement":[{"@type":"ListItem","position":1,"name":"Inici","item":"https:\/\/araisemprecultura.cat\/"},{"@type":"ListItem","position":2,"name":"POIs","item":"https:\/\/araisemprecultura.cat\/index.php\/pois\/"},{"@type":"ListItem","position":3,"name":"Colla Bastonera del Montserrat\u00ed"}]},{"@type":"WebSite","@id":"https:\/\/araisemprecultura.cat\/#website","url":"https:\/\/araisemprecultura.cat\/","name":"ARA I SEMPRE","description":"","publisher":{"@id":"https:\/\/araisemprecultura.cat\/#organization"},"potentialAction":[{"@type":"SearchAction","target":{"@type":"EntryPoint","urlTemplate":"https:\/\/araisemprecultura.cat\/?s={search_term_string}"},"query-input":"required name=search_term_string"}],"inLanguage":"ca"},{"@type":"Organization","@id":"https:\/\/araisemprecultura.cat\/#organization","name":"ARA I SEMPRE","url":"https:\/\/araisemprecultura.cat\/","logo":{"@type":"ImageObject","inLanguage":"ca","@id":"https:\/\/araisemprecultura.cat\/#\/schema\/logo\/image\/","url":"https:\/\/araisemprecultura.cat\/wp-content\/uploads\/2022\/02\/Disseny-imatge-ara-i-sempre-161.png","contentUrl":"https:\/\/araisemprecultura.cat\/wp-content\/uploads\/2022\/02\/Disseny-imatge-ara-i-sempre-161.png","width":"1962","height":"713","caption":"ARA I SEMPRE"},"image":{"@id":"https:\/\/araisemprecultura.cat\/#\/schema\/logo\/image\/"}}]}},"_links":{"self":[{"href":"https:\/\/araisemprecultura.cat\/index.php\/wp-json\/wp\/v2\/poi\/6722","targetHints":{"allow":["GET"]}}],"collection":[{"href":"https:\/\/araisemprecultura.cat\/index.php\/wp-json\/wp\/v2\/poi"}],"about":[{"href":"https:\/\/araisemprecultura.cat\/index.php\/wp-json\/wp\/v2\/types\/poi"}],"wp:attachment":[{"href":"https:\/\/araisemprecultura.cat\/index.php\/wp-json\/wp\/v2\/media?parent=6722"}],"wp:term":[{"taxonomy":"poi_category","embeddable":true,"href":"https:\/\/araisemprecultura.cat\/index.php\/wp-json\/wp\/v2\/poi_category?post=6722"}],"curies":[{"name":"wp","href":"https:\/\/api.w.org\/{rel}","templated":true}]}}