{"id":6719,"date":"2025-10-03T16:05:31","date_gmt":"2025-10-03T16:05:31","guid":{"rendered":"https:\/\/araisemprecultura.cat\/index.php\/pois\/colla-bastonera-del-pedraforca\/"},"modified":"2025-10-12T11:08:40","modified_gmt":"2025-10-12T11:08:40","slug":"colla-bastonera-del-pedraforca","status":"publish","type":"poi","link":"https:\/\/araisemprecultura.cat\/index.php\/pois\/colla-bastonera-del-pedraforca\/","title":{"rendered":"Colla Bastonera del Pedraforca"},"content":{"rendered":"\n<!-- Dades b\u00e0siques -->\n<section>\n  <h2>Dades b\u00e0siques<\/h2>\n  <ul>\n    <li><strong>Comarca:<\/strong> Bergued\u00e0<\/li>\n    <li><strong>Any de creaci\u00f3:<\/strong> 2022<\/li>\n  <\/ul>\n<\/section>\n\n<!-- Motiu -->\n<section>\n  <h2>Motiu pel qual ballem<\/h2>\n  <p>\n    Ballem per mostrar el Ball de Bastons all\u00e0 on sigui possible.\n  <\/p>\n<\/section>\n\n<!-- Calendari -->\n<section>\n  <h2>Calendari<\/h2>\n  <ul>\n    <li><strong>Per\u00edode d\u2019assajos:<\/strong> tot l\u2019any<\/li>\n    <li><strong>Per\u00edode d\u2019actuacions:<\/strong> d\u2019abril a novembre<\/li>\n  <\/ul>\n<\/section>\n\n<!-- Actuacions fixes -->\n<section>\n  <h2>Actuacions fixes a l\u2019any<\/h2>\n  <ul>\n    <li>Festa Major de Saldes: 26 d\u2019agost<\/li>\n    <li>Diada de la colla: festa de Sant Mart\u00ed al novembre<\/li>\n  <\/ul>\n<\/section>\n\n<!-- Repertori -->\n<section>\n  <h2>Repertori<\/h2>\n  <p>Els nostres 5 balls m\u00e9s caracter\u00edstics s\u00f3n:<\/p>\n  <ul>\n    <li>Salt de plens de la Patum de Berga<\/li>\n    <li>El ball de la Civada<\/li>\n    <li>Virolet<\/li>\n    <li>Coti x Coti<\/li>\n    <li>L\u2019esquerrana<\/li>\n  <\/ul>\n<\/section>\n\n<!-- Perfil de dansaires -->\n<section>\n  <h2>Perfil de dansaires<\/h2>\n\n  <h3>G\u00e8nere<\/h3>\n  <ul style=\"list-style:none; padding:0; margin:0;\">\n    <li><span style=\"color:#cf7268\">\u25a0<\/span> Dones: 64%<\/li>\n    <li><span style=\"color:#e39b6b\">\u25a0<\/span> Homes: 36%<\/li>\n    <li><span style=\"color:#d2c58a\">\u25a0<\/span> No binari: 0%<\/li>\n  <\/ul>\n\n  <h3>Edat<\/h3>\n  <ul style=\"list-style:none; padding:0; margin:0;\">\n    <li><span style=\"color:#87ca79\">\u25a0<\/span> -16: 43%<\/li>\n    <li><span style=\"color:#8aa7C8\">\u25a0<\/span> 16-35: 5%<\/li>\n    <li><span style=\"color:#b16eb1\">\u25a0<\/span> 35-65: 52%<\/li>\n    <li><span style=\"color:#de9ac9\">\u25a0<\/span> +65: 0%<\/li>\n  <\/ul>\n<\/section>\n\n\n\n<figure class=\"wp-block-image size-large\"><img fetchpriority=\"high\" decoding=\"async\" width=\"867\" height=\"1024\" src=\"https:\/\/araisemprecultura.cat\/wp-content\/uploads\/2025\/10\/Pedraforca-867x1024.png\" alt=\"\" class=\"wp-image-6906\" srcset=\"https:\/\/araisemprecultura.cat\/wp-content\/uploads\/2025\/10\/Pedraforca-867x1024.png 867w, https:\/\/araisemprecultura.cat\/wp-content\/uploads\/2025\/10\/Pedraforca-254x300.png 254w, https:\/\/araisemprecultura.cat\/wp-content\/uploads\/2025\/10\/Pedraforca-768x907.png 768w, https:\/\/araisemprecultura.cat\/wp-content\/uploads\/2025\/10\/Pedraforca-1300x1536.png 1300w, https:\/\/araisemprecultura.cat\/wp-content\/uploads\/2025\/10\/Pedraforca-1734x2048.png 1734w, https:\/\/araisemprecultura.cat\/wp-content\/uploads\/2025\/10\/Pedraforca-1200x1418.png 1200w, https:\/\/araisemprecultura.cat\/wp-content\/uploads\/2025\/10\/Pedraforca-1980x2339.png 1980w\" sizes=\"(max-width: 867px) 100vw, 867px\" \/><\/figure>\n","protected":false},"featured_media":0,"template":"","poi_category":[22],"class_list":["post-6719","poi","type-poi","status-publish","hentry"],"acf":[],"yoast_head":"<!-- This site is optimized with the Yoast SEO plugin v21.8 - https:\/\/yoast.com\/wordpress\/plugins\/seo\/ -->\n<title>Colla Bastonera del Pedraforca - ARA I SEMPRE<\/title>\n<meta name=\"robots\" content=\"index, follow, max-snippet:-1, max-image-preview:large, max-video-preview:-1\" \/>\n<link rel=\"canonical\" href=\"https:\/\/araisemprecultura.cat\/index.php\/pois\/colla-bastonera-del-pedraforca\/\" \/>\n<meta property=\"og:locale\" content=\"ca_ES\" \/>\n<meta property=\"og:type\" content=\"article\" \/>\n<meta property=\"og:title\" content=\"Colla Bastonera del Pedraforca - ARA I SEMPRE\" \/>\n<meta property=\"og:description\" content=\"Dades b\u00e0siques Comarca: Bergued\u00e0 Any de creaci\u00f3: 2022 Motiu pel qual ballem Ballem per mostrar el Ball de Bastons all\u00e0 on sigui possible. Calendari Per\u00edode d\u2019assajos: tot l\u2019any Per\u00edode d\u2019actuacions: d\u2019abril a novembre Actuacions fixes a l\u2019any Festa Major de Saldes: 26 d\u2019agost Diada de la colla: festa de Sant Mart\u00ed al novembre Repertori Els [&hellip;]\" \/>\n<meta property=\"og:url\" content=\"https:\/\/araisemprecultura.cat\/index.php\/pois\/colla-bastonera-del-pedraforca\/\" \/>\n<meta property=\"og:site_name\" content=\"ARA I SEMPRE\" \/>\n<meta property=\"article:modified_time\" content=\"2025-10-12T11:08:40+00:00\" \/>\n<meta property=\"og:image\" content=\"https:\/\/araisemprecultura.cat\/wp-content\/uploads\/2025\/10\/Pedraforca-867x1024.png\" \/>\n<meta name=\"twitter:card\" content=\"summary_large_image\" \/>\n<meta name=\"twitter:label1\" content=\"Temps estimat de lectura\" \/>\n\t<meta name=\"twitter:data1\" content=\"1 minut\" \/>\n<script type=\"application\/ld+json\" class=\"yoast-schema-graph\">{\"@context\":\"https:\/\/schema.org\",\"@graph\":[{\"@type\":\"WebPage\",\"@id\":\"https:\/\/araisemprecultura.cat\/index.php\/pois\/colla-bastonera-del-pedraforca\/\",\"url\":\"https:\/\/araisemprecultura.cat\/index.php\/pois\/colla-bastonera-del-pedraforca\/\",\"name\":\"Colla Bastonera del Pedraforca - ARA I SEMPRE\",\"isPartOf\":{\"@id\":\"https:\/\/araisemprecultura.cat\/#website\"},\"datePublished\":\"2025-10-03T16:05:31+00:00\",\"dateModified\":\"2025-10-12T11:08:40+00:00\",\"breadcrumb\":{\"@id\":\"https:\/\/araisemprecultura.cat\/index.php\/pois\/colla-bastonera-del-pedraforca\/#breadcrumb\"},\"inLanguage\":\"ca\",\"potentialAction\":[{\"@type\":\"ReadAction\",\"target\":[\"https:\/\/araisemprecultura.cat\/index.php\/pois\/colla-bastonera-del-pedraforca\/\"]}]},{\"@type\":\"BreadcrumbList\",\"@id\":\"https:\/\/araisemprecultura.cat\/index.php\/pois\/colla-bastonera-del-pedraforca\/#breadcrumb\",\"itemListElement\":[{\"@type\":\"ListItem\",\"position\":1,\"name\":\"Inici\",\"item\":\"https:\/\/araisemprecultura.cat\/\"},{\"@type\":\"ListItem\",\"position\":2,\"name\":\"POIs\",\"item\":\"https:\/\/araisemprecultura.cat\/index.php\/pois\/\"},{\"@type\":\"ListItem\",\"position\":3,\"name\":\"Colla Bastonera del Pedraforca\"}]},{\"@type\":\"WebSite\",\"@id\":\"https:\/\/araisemprecultura.cat\/#website\",\"url\":\"https:\/\/araisemprecultura.cat\/\",\"name\":\"ARA I SEMPRE\",\"description\":\"\",\"publisher\":{\"@id\":\"https:\/\/araisemprecultura.cat\/#organization\"},\"potentialAction\":[{\"@type\":\"SearchAction\",\"target\":{\"@type\":\"EntryPoint\",\"urlTemplate\":\"https:\/\/araisemprecultura.cat\/?s={search_term_string}\"},\"query-input\":\"required name=search_term_string\"}],\"inLanguage\":\"ca\"},{\"@type\":\"Organization\",\"@id\":\"https:\/\/araisemprecultura.cat\/#organization\",\"name\":\"ARA I SEMPRE\",\"url\":\"https:\/\/araisemprecultura.cat\/\",\"logo\":{\"@type\":\"ImageObject\",\"inLanguage\":\"ca\",\"@id\":\"https:\/\/araisemprecultura.cat\/#\/schema\/logo\/image\/\",\"url\":\"https:\/\/araisemprecultura.cat\/wp-content\/uploads\/2022\/02\/Disseny-imatge-ara-i-sempre-161.png\",\"contentUrl\":\"https:\/\/araisemprecultura.cat\/wp-content\/uploads\/2022\/02\/Disseny-imatge-ara-i-sempre-161.png\",\"width\":\"1962\",\"height\":\"713\",\"caption\":\"ARA I SEMPRE\"},\"image\":{\"@id\":\"https:\/\/araisemprecultura.cat\/#\/schema\/logo\/image\/\"}}]}<\/script>\n<!-- \/ Yoast SEO plugin. -->","yoast_head_json":{"title":"Colla Bastonera del Pedraforca - ARA I SEMPRE","robots":{"index":"index","follow":"follow","max-snippet":"max-snippet:-1","max-image-preview":"max-image-preview:large","max-video-preview":"max-video-preview:-1"},"canonical":"https:\/\/araisemprecultura.cat\/index.php\/pois\/colla-bastonera-del-pedraforca\/","og_locale":"ca_ES","og_type":"article","og_title":"Colla Bastonera del Pedraforca - ARA I SEMPRE","og_description":"Dades b\u00e0siques Comarca: Bergued\u00e0 Any de creaci\u00f3: 2022 Motiu pel qual ballem Ballem per mostrar el Ball de Bastons all\u00e0 on sigui possible. Calendari Per\u00edode d\u2019assajos: tot l\u2019any Per\u00edode d\u2019actuacions: d\u2019abril a novembre Actuacions fixes a l\u2019any Festa Major de Saldes: 26 d\u2019agost Diada de la colla: festa de Sant Mart\u00ed al novembre Repertori Els [&hellip;]","og_url":"https:\/\/araisemprecultura.cat\/index.php\/pois\/colla-bastonera-del-pedraforca\/","og_site_name":"ARA I SEMPRE","article_modified_time":"2025-10-12T11:08:40+00:00","og_image":[{"url":"https:\/\/araisemprecultura.cat\/wp-content\/uploads\/2025\/10\/Pedraforca-867x1024.png"}],"twitter_card":"summary_large_image","twitter_misc":{"Temps estimat de lectura":"1 minut"},"schema":{"@context":"https:\/\/schema.org","@graph":[{"@type":"WebPage","@id":"https:\/\/araisemprecultura.cat\/index.php\/pois\/colla-bastonera-del-pedraforca\/","url":"https:\/\/araisemprecultura.cat\/index.php\/pois\/colla-bastonera-del-pedraforca\/","name":"Colla Bastonera del Pedraforca - ARA I SEMPRE","isPartOf":{"@id":"https:\/\/araisemprecultura.cat\/#website"},"datePublished":"2025-10-03T16:05:31+00:00","dateModified":"2025-10-12T11:08:40+00:00","breadcrumb":{"@id":"https:\/\/araisemprecultura.cat\/index.php\/pois\/colla-bastonera-del-pedraforca\/#breadcrumb"},"inLanguage":"ca","potentialAction":[{"@type":"ReadAction","target":["https:\/\/araisemprecultura.cat\/index.php\/pois\/colla-bastonera-del-pedraforca\/"]}]},{"@type":"BreadcrumbList","@id":"https:\/\/araisemprecultura.cat\/index.php\/pois\/colla-bastonera-del-pedraforca\/#breadcrumb","itemListElement":[{"@type":"ListItem","position":1,"name":"Inici","item":"https:\/\/araisemprecultura.cat\/"},{"@type":"ListItem","position":2,"name":"POIs","item":"https:\/\/araisemprecultura.cat\/index.php\/pois\/"},{"@type":"ListItem","position":3,"name":"Colla Bastonera del Pedraforca"}]},{"@type":"WebSite","@id":"https:\/\/araisemprecultura.cat\/#website","url":"https:\/\/araisemprecultura.cat\/","name":"ARA I SEMPRE","description":"","publisher":{"@id":"https:\/\/araisemprecultura.cat\/#organization"},"potentialAction":[{"@type":"SearchAction","target":{"@type":"EntryPoint","urlTemplate":"https:\/\/araisemprecultura.cat\/?s={search_term_string}"},"query-input":"required name=search_term_string"}],"inLanguage":"ca"},{"@type":"Organization","@id":"https:\/\/araisemprecultura.cat\/#organization","name":"ARA I SEMPRE","url":"https:\/\/araisemprecultura.cat\/","logo":{"@type":"ImageObject","inLanguage":"ca","@id":"https:\/\/araisemprecultura.cat\/#\/schema\/logo\/image\/","url":"https:\/\/araisemprecultura.cat\/wp-content\/uploads\/2022\/02\/Disseny-imatge-ara-i-sempre-161.png","contentUrl":"https:\/\/araisemprecultura.cat\/wp-content\/uploads\/2022\/02\/Disseny-imatge-ara-i-sempre-161.png","width":"1962","height":"713","caption":"ARA I SEMPRE"},"image":{"@id":"https:\/\/araisemprecultura.cat\/#\/schema\/logo\/image\/"}}]}},"_links":{"self":[{"href":"https:\/\/araisemprecultura.cat\/index.php\/wp-json\/wp\/v2\/poi\/6719","targetHints":{"allow":["GET"]}}],"collection":[{"href":"https:\/\/araisemprecultura.cat\/index.php\/wp-json\/wp\/v2\/poi"}],"about":[{"href":"https:\/\/araisemprecultura.cat\/index.php\/wp-json\/wp\/v2\/types\/poi"}],"wp:attachment":[{"href":"https:\/\/araisemprecultura.cat\/index.php\/wp-json\/wp\/v2\/media?parent=6719"}],"wp:term":[{"taxonomy":"poi_category","embeddable":true,"href":"https:\/\/araisemprecultura.cat\/index.php\/wp-json\/wp\/v2\/poi_category?post=6719"}],"curies":[{"name":"wp","href":"https:\/\/api.w.org\/{rel}","templated":true}]}}