{"id":40,"date":"2022-02-19T09:28:00","date_gmt":"2022-02-19T09:28:00","guid":{"rendered":"https:\/\/araisemprecultura.cat\/?page_id=40"},"modified":"2025-11-14T19:51:18","modified_gmt":"2025-11-14T19:51:18","slug":"inici","status":"publish","type":"page","link":"https:\/\/araisemprecultura.cat\/","title":{"rendered":"Inici"},"content":{"rendered":"\t\t<div data-elementor-type=\"wp-page\" data-elementor-id=\"40\" class=\"elementor elementor-40\">\n\t\t\t\t\t\t<section class=\"elementor-section elementor-top-section elementor-element elementor-element-fcfb4e2 elementor-section-stretched elementor-section-boxed elementor-section-height-default elementor-section-height-default\" data-id=\"fcfb4e2\" data-element_type=\"section\" data-settings=\"{&quot;stretch_section&quot;:&quot;section-stretched&quot;,&quot;_ha_eqh_enable&quot;:false}\">\n\t\t\t\t\t\t<div class=\"elementor-container elementor-column-gap-default\">\n\t\t\t\t\t<div class=\"elementor-column elementor-col-100 elementor-top-column elementor-element elementor-element-a43af48\" data-id=\"a43af48\" data-element_type=\"column\">\n\t\t\t<div class=\"elementor-widget-wrap elementor-element-populated\">\n\t\t\t\t\t\t<div class=\"elementor-element elementor-element-3e8aa22 elementor-widget elementor-widget-shortcode\" data-id=\"3e8aa22\" data-element_type=\"widget\" data-widget_type=\"shortcode.default\">\n\t\t\t\t<div class=\"elementor-widget-container\">\n\t\t\t\t\t<div class=\"elementor-shortcode\"><\/div>\n\t\t\t\t<\/div>\n\t\t\t\t<\/div>\n\t\t\t\t\t<\/div>\n\t\t<\/div>\n\t\t\t\t\t<\/div>\n\t\t<\/section>\n\t\t\t\t<section class=\"elementor-section elementor-top-section elementor-element elementor-element-c41e6ae elementor-section-full_width elementor-section-height-min-height elementor-section-height-default elementor-section-items-middle\" data-id=\"c41e6ae\" data-element_type=\"section\" data-settings=\"{&quot;_ha_eqh_enable&quot;:false}\">\n\t\t\t\t\t\t<div class=\"elementor-container elementor-column-gap-no\">\n\t\t\t\t\t<div class=\"elementor-column elementor-col-100 elementor-top-column elementor-element elementor-element-a6d871f\" data-id=\"a6d871f\" data-element_type=\"column\">\n\t\t\t<div class=\"elementor-widget-wrap elementor-element-populated\">\n\t\t\t\t\t\t<div class=\"elementor-element elementor-element-96e837e elementor-widget elementor-widget-heading\" data-id=\"96e837e\" data-element_type=\"widget\" data-widget_type=\"heading.default\">\n\t\t\t\t<div class=\"elementor-widget-container\">\n\t\t\t<style>\/*! elementor - v3.21.0 - 18-04-2024 *\/\n.elementor-heading-title{padding:0;margin:0;line-height:1}.elementor-widget-heading .elementor-heading-title[class*=elementor-size-]>a{color:inherit;font-size:inherit;line-height:inherit}.elementor-widget-heading .elementor-heading-title.elementor-size-small{font-size:15px}.elementor-widget-heading .elementor-heading-title.elementor-size-medium{font-size:19px}.elementor-widget-heading .elementor-heading-title.elementor-size-large{font-size:29px}.elementor-widget-heading .elementor-heading-title.elementor-size-xl{font-size:39px}.elementor-widget-heading .elementor-heading-title.elementor-size-xxl{font-size:59px}<\/style><h3 class=\"elementor-heading-title elementor-size-default\"><a href=\"http:\/\/[carousel_slide%20id=724]\">NOT\u00cdCIES DESTACADES<\/a><\/h3>\t\t<\/div>\n\t\t\t\t<\/div>\n\t\t\t\t\t<\/div>\n\t\t<\/div>\n\t\t\t\t\t<\/div>\n\t\t<\/section>\n\t\t\t\t<section class=\"elementor-section elementor-top-section elementor-element elementor-element-c663727 elementor-section-stretched elementor-section-boxed elementor-section-height-default elementor-section-height-default\" data-id=\"c663727\" data-element_type=\"section\" data-settings=\"{&quot;stretch_section&quot;:&quot;section-stretched&quot;,&quot;_ha_eqh_enable&quot;:false}\">\n\t\t\t\t\t\t<div class=\"elementor-container elementor-column-gap-default\">\n\t\t\t\t\t<div class=\"elementor-column elementor-col-33 elementor-top-column elementor-element elementor-element-57bf3e4\" data-id=\"57bf3e4\" data-element_type=\"column\">\n\t\t\t<div class=\"elementor-widget-wrap elementor-element-populated\">\n\t\t\t\t\t\t<div class=\"elementor-element elementor-element-fcda6a3 ha-card--top ha-card--tablet-top ha-card--mobile-top elementor-widget elementor-widget-ha-card happy-addon ha-card\" data-id=\"fcda6a3\" data-element_type=\"widget\" data-widget_type=\"ha-card.default\">\n\t\t\t\t<div class=\"elementor-widget-container\">\n\t\t\t\n\t\t\t\t\t<figure class=\"ha-card-figure\">\n\t\t\t\t<img decoding=\"async\" width=\"580\" height=\"387\" src=\"https:\/\/araisemprecultura.cat\/wp-content\/uploads\/2025\/10\/EXPO-VIRTUAL-Cartell-1024x683.png\" class=\"attachment-large size-large wp-image-7008\" alt=\"\" srcset=\"https:\/\/araisemprecultura.cat\/wp-content\/uploads\/2025\/10\/EXPO-VIRTUAL-Cartell-1024x683.png 1024w, https:\/\/araisemprecultura.cat\/wp-content\/uploads\/2025\/10\/EXPO-VIRTUAL-Cartell-300x200.png 300w, https:\/\/araisemprecultura.cat\/wp-content\/uploads\/2025\/10\/EXPO-VIRTUAL-Cartell-768x512.png 768w, https:\/\/araisemprecultura.cat\/wp-content\/uploads\/2025\/10\/EXPO-VIRTUAL-Cartell-1536x1024.png 1536w, https:\/\/araisemprecultura.cat\/wp-content\/uploads\/2025\/10\/EXPO-VIRTUAL-Cartell-2048x1365.png 2048w, https:\/\/araisemprecultura.cat\/wp-content\/uploads\/2025\/10\/EXPO-VIRTUAL-Cartell-1200x800.png 1200w, https:\/\/araisemprecultura.cat\/wp-content\/uploads\/2025\/10\/EXPO-VIRTUAL-Cartell-1980x1320.png 1980w\" sizes=\"(max-width: 580px) 100vw, 580px\" \/>\t\t\t\t\t\t\t<\/figure>\n\t\t\n\t\t<div class=\"ha-card-body\">\n\n\t\t\t<h2 class=\"ha-card-title\">Exposici\u00f3 Virtual de la Cultura Popular - ARA I SEMPRE<\/h2>\n\t\t\t\t\t\t\t<div class=\"ha-card-text\">\n\t\t\t\t\t<p>Neix l'exposici\u00f3 virtual de la Cultura Popular de Catalunya - ARA I SEMPRE! Ajuda'ns a fer-la m\u00e9s gran i completa!<\/p>\n\t\t\t\t<\/div>\n\t\t\t\n\t\t\t<a class=\"ha-btn\" href=\"https:\/\/exposicio.araisemprecultura.cat\/\"><span class=\"ha-btn-text\">M\u00e9s informaci\u00f3<\/span><\/a>\t\t<\/div>\n\t\t\t\t<\/div>\n\t\t\t\t<\/div>\n\t\t\t\t\t<\/div>\n\t\t<\/div>\n\t\t\t\t<div class=\"elementor-column elementor-col-33 elementor-top-column elementor-element elementor-element-aa165d2\" data-id=\"aa165d2\" data-element_type=\"column\">\n\t\t\t<div class=\"elementor-widget-wrap elementor-element-populated\">\n\t\t\t\t\t\t<div class=\"elementor-element elementor-element-58d312c ha-card--top ha-card--tablet-top ha-card--mobile-top elementor-widget elementor-widget-ha-card happy-addon ha-card\" data-id=\"58d312c\" data-element_type=\"widget\" data-widget_type=\"ha-card.default\">\n\t\t\t\t<div class=\"elementor-widget-container\">\n\t\t\t\n\t\t\t\t\t<figure class=\"ha-card-figure\">\n\t\t\t\t<img decoding=\"async\" width=\"580\" height=\"820\" src=\"https:\/\/araisemprecultura.cat\/wp-content\/uploads\/2025\/04\/2-724x1024.png\" class=\"attachment-large size-large wp-image-5426\" alt=\"\" srcset=\"https:\/\/araisemprecultura.cat\/wp-content\/uploads\/2025\/04\/2-724x1024.png 724w, https:\/\/araisemprecultura.cat\/wp-content\/uploads\/2025\/04\/2-212x300.png 212w, https:\/\/araisemprecultura.cat\/wp-content\/uploads\/2025\/04\/2-768x1086.png 768w, https:\/\/araisemprecultura.cat\/wp-content\/uploads\/2025\/04\/2-1086x1536.png 1086w, https:\/\/araisemprecultura.cat\/wp-content\/uploads\/2025\/04\/2-1200x1697.png 1200w, https:\/\/araisemprecultura.cat\/wp-content\/uploads\/2025\/04\/2.png 1414w\" sizes=\"(max-width: 580px) 100vw, 580px\" \/>\t\t\t\t\t\t\t<\/figure>\n\t\t\n\t\t<div class=\"ha-card-body\">\n\n\t\t\t<h2 class=\"ha-card-title\">[Cr\u00f2nica] R\u00e8cord Mundial de Ball de Bastons<\/h2>\n\t\t\t\t\t\t\t<div class=\"ha-card-text\">\n\t\t\t\t\t<p>Llegeix la nota de premsa associada a l'assoliment del doble R\u00e8cord Mundial de Ball de Bastons, el 9 i 10 de maig de 2025.<\/p>\n\t\t\t\t<\/div>\n\t\t\t\n\t\t\t<a class=\"ha-btn\" href=\"https:\/\/araisemprecultura.cat\/index.php\/barbera-del-valles-aconsegueix-dos-records-mundials-amb-el-ball-de-bastons\/noticies\/araisempre\/\"><span class=\"ha-btn-text\">M\u00e9s informaci\u00f3<\/span><\/a>\t\t<\/div>\n\t\t\t\t<\/div>\n\t\t\t\t<\/div>\n\t\t\t\t\t<\/div>\n\t\t<\/div>\n\t\t\t\t<div class=\"elementor-column elementor-col-33 elementor-top-column elementor-element elementor-element-a16638d\" data-id=\"a16638d\" data-element_type=\"column\">\n\t\t\t<div class=\"elementor-widget-wrap elementor-element-populated\">\n\t\t\t\t\t\t<div class=\"elementor-element elementor-element-2f5be82 ha-card--top ha-card--tablet-top ha-card--mobile-top elementor-widget elementor-widget-ha-card happy-addon ha-card\" data-id=\"2f5be82\" data-element_type=\"widget\" data-widget_type=\"ha-card.default\">\n\t\t\t\t<div class=\"elementor-widget-container\">\n\t\t\t\n\t\t\t\t\t<figure class=\"ha-card-figure\">\n\t\t\t\t<img loading=\"lazy\" decoding=\"async\" width=\"580\" height=\"387\" src=\"https:\/\/araisemprecultura.cat\/wp-content\/uploads\/2025\/05\/41A0C761-6B89-417A-BE84-8A106D566A14-1024x683.jpeg\" class=\"attachment-large size-large wp-image-5509\" alt=\"\" srcset=\"https:\/\/araisemprecultura.cat\/wp-content\/uploads\/2025\/05\/41A0C761-6B89-417A-BE84-8A106D566A14-1024x683.jpeg 1024w, https:\/\/araisemprecultura.cat\/wp-content\/uploads\/2025\/05\/41A0C761-6B89-417A-BE84-8A106D566A14-300x200.jpeg 300w, https:\/\/araisemprecultura.cat\/wp-content\/uploads\/2025\/05\/41A0C761-6B89-417A-BE84-8A106D566A14-768x512.jpeg 768w, https:\/\/araisemprecultura.cat\/wp-content\/uploads\/2025\/05\/41A0C761-6B89-417A-BE84-8A106D566A14-1536x1024.jpeg 1536w, https:\/\/araisemprecultura.cat\/wp-content\/uploads\/2025\/05\/41A0C761-6B89-417A-BE84-8A106D566A14-2048x1365.jpeg 2048w, https:\/\/araisemprecultura.cat\/wp-content\/uploads\/2025\/05\/41A0C761-6B89-417A-BE84-8A106D566A14-1200x800.jpeg 1200w, https:\/\/araisemprecultura.cat\/wp-content\/uploads\/2025\/05\/41A0C761-6B89-417A-BE84-8A106D566A14-1980x1320.jpeg 1980w\" sizes=\"(max-width: 580px) 100vw, 580px\" \/>\t\t\t\t\t\t\t<\/figure>\n\t\t\n\t\t<div class=\"ha-card-body\">\n\n\t\t\t<h2 class=\"ha-card-title\">Col\u00f2nies Bastoneres Infantils de Catalunya 2026!<\/h2>\n\t\t\t\t\t\t\t<div class=\"ha-card-text\">\n\t\t\t\t\t<p>Ja estan obertes les inscripcions per les Col\u00f2nies Bastoneres Infantils de Catalunya 2026! Del 30 d'abril al 3 de maig!<\/p>\n\t\t\t\t<\/div>\n\t\t\t\n\t\t\t<a class=\"ha-btn\" href=\"https:\/\/araisemprecultura.cat\/index.php\/colonies-bastoneres-infantils-de-catalunya-2026\/noticies\/araisempre\/\"><span class=\"ha-btn-text\">M\u00e9s informaci\u00f3<\/span><\/a>\t\t<\/div>\n\t\t\t\t<\/div>\n\t\t\t\t<\/div>\n\t\t\t\t\t<\/div>\n\t\t<\/div>\n\t\t\t\t\t<\/div>\n\t\t<\/section>\n\t\t\t\t<section class=\"elementor-section elementor-top-section elementor-element elementor-element-2a5bea6 elementor-section-boxed elementor-section-height-default elementor-section-height-default\" data-id=\"2a5bea6\" data-element_type=\"section\" data-settings=\"{&quot;_ha_eqh_enable&quot;:false}\">\n\t\t\t\t\t\t<div class=\"elementor-container elementor-column-gap-default\">\n\t\t\t\t\t<div class=\"elementor-column elementor-col-100 elementor-top-column elementor-element elementor-element-321ce36\" data-id=\"321ce36\" data-element_type=\"column\">\n\t\t\t<div class=\"elementor-widget-wrap\">\n\t\t\t\t\t\t\t<\/div>\n\t\t<\/div>\n\t\t\t\t\t<\/div>\n\t\t<\/section>\n\t\t\t\t<section class=\"elementor-section elementor-top-section elementor-element elementor-element-fd76221 elementor-section-stretched elementor-section-boxed elementor-section-height-default elementor-section-height-default\" data-id=\"fd76221\" data-element_type=\"section\" data-settings=\"{&quot;stretch_section&quot;:&quot;section-stretched&quot;,&quot;shape_divider_top&quot;:&quot;tilt&quot;,&quot;shape_divider_bottom&quot;:&quot;tilt&quot;,&quot;_ha_eqh_enable&quot;:false}\">\n\t\t\t\t\t\t\t<div class=\"elementor-background-overlay\"><\/div>\n\t\t\t\t\t\t<div class=\"elementor-shape elementor-shape-top\" data-negative=\"false\">\n\t\t\t<svg xmlns=\"http:\/\/www.w3.org\/2000\/svg\" viewBox=\"0 0 1000 100\" preserveAspectRatio=\"none\">\n\t<path class=\"elementor-shape-fill\" d=\"M0,6V0h1000v100L0,6z\"\/>\n<\/svg>\t\t<\/div>\n\t\t\t\t<div class=\"elementor-shape elementor-shape-bottom\" data-negative=\"false\">\n\t\t\t<svg xmlns=\"http:\/\/www.w3.org\/2000\/svg\" viewBox=\"0 0 1000 100\" preserveAspectRatio=\"none\">\n\t<path class=\"elementor-shape-fill\" d=\"M0,6V0h1000v100L0,6z\"\/>\n<\/svg>\t\t<\/div>\n\t\t\t\t\t<div class=\"elementor-container elementor-column-gap-default\">\n\t\t\t\t\t<div class=\"elementor-column elementor-col-100 elementor-top-column elementor-element elementor-element-9e94150\" data-id=\"9e94150\" data-element_type=\"column\">\n\t\t\t<div class=\"elementor-widget-wrap elementor-element-populated\">\n\t\t\t\t\t\t<section data-ha-element-link=\"{&quot;url&quot;:&quot;https:\\\/\\\/araisemprecultura.cat\\\/index.php\\\/qui-som\\\/&quot;,&quot;is_external&quot;:&quot;&quot;,&quot;nofollow&quot;:&quot;&quot;,&quot;custom_attributes&quot;:&quot;&quot;}\" style=\"cursor: pointer\" class=\"elementor-section elementor-inner-section elementor-element elementor-element-4983f45 elementor-section-boxed elementor-section-height-default elementor-section-height-default\" data-id=\"4983f45\" data-element_type=\"section\" data-settings=\"{&quot;_ha_eqh_enable&quot;:false}\">\n\t\t\t\t\t\t<div class=\"elementor-container elementor-column-gap-default\">\n\t\t\t\t\t<div class=\"elementor-column elementor-col-33 elementor-inner-column elementor-element elementor-element-cbc7c03\" data-id=\"cbc7c03\" data-element_type=\"column\">\n\t\t\t<div class=\"elementor-widget-wrap elementor-element-populated\">\n\t\t\t\t\t\t<div class=\"elementor-element elementor-element-b909aa7 elementor-widget-divider--view-line_icon elementor-view-default elementor-widget-divider--element-align-center elementor-widget elementor-widget-divider\" data-id=\"b909aa7\" data-element_type=\"widget\" data-widget_type=\"divider.default\">\n\t\t\t\t<div class=\"elementor-widget-container\">\n\t\t\t<style>\/*! elementor - v3.21.0 - 18-04-2024 *\/\n.elementor-widget-divider{--divider-border-style:none;--divider-border-width:1px;--divider-color:#0c0d0e;--divider-icon-size:20px;--divider-element-spacing:10px;--divider-pattern-height:24px;--divider-pattern-size:20px;--divider-pattern-url:none;--divider-pattern-repeat:repeat-x}.elementor-widget-divider .elementor-divider{display:flex}.elementor-widget-divider .elementor-divider__text{font-size:15px;line-height:1;max-width:95%}.elementor-widget-divider .elementor-divider__element{margin:0 var(--divider-element-spacing);flex-shrink:0}.elementor-widget-divider .elementor-icon{font-size:var(--divider-icon-size)}.elementor-widget-divider .elementor-divider-separator{display:flex;margin:0;direction:ltr}.elementor-widget-divider--view-line_icon .elementor-divider-separator,.elementor-widget-divider--view-line_text .elementor-divider-separator{align-items:center}.elementor-widget-divider--view-line_icon .elementor-divider-separator:after,.elementor-widget-divider--view-line_icon .elementor-divider-separator:before,.elementor-widget-divider--view-line_text .elementor-divider-separator:after,.elementor-widget-divider--view-line_text .elementor-divider-separator:before{display:block;content:\"\";border-block-end:0;flex-grow:1;border-block-start:var(--divider-border-width) var(--divider-border-style) var(--divider-color)}.elementor-widget-divider--element-align-left .elementor-divider .elementor-divider-separator>.elementor-divider__svg:first-of-type{flex-grow:0;flex-shrink:100}.elementor-widget-divider--element-align-left .elementor-divider-separator:before{content:none}.elementor-widget-divider--element-align-left .elementor-divider__element{margin-left:0}.elementor-widget-divider--element-align-right .elementor-divider .elementor-divider-separator>.elementor-divider__svg:last-of-type{flex-grow:0;flex-shrink:100}.elementor-widget-divider--element-align-right .elementor-divider-separator:after{content:none}.elementor-widget-divider--element-align-right .elementor-divider__element{margin-right:0}.elementor-widget-divider--element-align-start .elementor-divider .elementor-divider-separator>.elementor-divider__svg:first-of-type{flex-grow:0;flex-shrink:100}.elementor-widget-divider--element-align-start .elementor-divider-separator:before{content:none}.elementor-widget-divider--element-align-start .elementor-divider__element{margin-inline-start:0}.elementor-widget-divider--element-align-end .elementor-divider .elementor-divider-separator>.elementor-divider__svg:last-of-type{flex-grow:0;flex-shrink:100}.elementor-widget-divider--element-align-end .elementor-divider-separator:after{content:none}.elementor-widget-divider--element-align-end .elementor-divider__element{margin-inline-end:0}.elementor-widget-divider:not(.elementor-widget-divider--view-line_text):not(.elementor-widget-divider--view-line_icon) .elementor-divider-separator{border-block-start:var(--divider-border-width) var(--divider-border-style) var(--divider-color)}.elementor-widget-divider--separator-type-pattern{--divider-border-style:none}.elementor-widget-divider--separator-type-pattern.elementor-widget-divider--view-line .elementor-divider-separator,.elementor-widget-divider--separator-type-pattern:not(.elementor-widget-divider--view-line) .elementor-divider-separator:after,.elementor-widget-divider--separator-type-pattern:not(.elementor-widget-divider--view-line) .elementor-divider-separator:before,.elementor-widget-divider--separator-type-pattern:not([class*=elementor-widget-divider--view]) .elementor-divider-separator{width:100%;min-height:var(--divider-pattern-height);-webkit-mask-size:var(--divider-pattern-size) 100%;mask-size:var(--divider-pattern-size) 100%;-webkit-mask-repeat:var(--divider-pattern-repeat);mask-repeat:var(--divider-pattern-repeat);background-color:var(--divider-color);-webkit-mask-image:var(--divider-pattern-url);mask-image:var(--divider-pattern-url)}.elementor-widget-divider--no-spacing{--divider-pattern-size:auto}.elementor-widget-divider--bg-round{--divider-pattern-repeat:round}.rtl .elementor-widget-divider .elementor-divider__text{direction:rtl}.e-con-inner>.elementor-widget-divider,.e-con>.elementor-widget-divider{width:var(--container-widget-width,100%);--flex-grow:var(--container-widget-flex-grow)}<\/style>\t\t<div class=\"elementor-divider\">\n\t\t\t<span class=\"elementor-divider-separator\">\n\t\t\t\t\t\t\t<div class=\"elementor-icon elementor-divider__element\">\n\t\t\t\t\t<i aria-hidden=\"true\" class=\"fas fa-users\"><\/i><\/div>\n\t\t\t\t\t\t<\/span>\n\t\t<\/div>\n\t\t\t\t<\/div>\n\t\t\t\t<\/div>\n\t\t\t\t\t<\/div>\n\t\t<\/div>\n\t\t\t\t<div class=\"elementor-column elementor-col-33 elementor-inner-column elementor-element elementor-element-67aff22\" data-id=\"67aff22\" data-element_type=\"column\">\n\t\t\t<div class=\"elementor-widget-wrap elementor-element-populated\">\n\t\t\t\t\t\t<div class=\"elementor-element elementor-element-b19f32d elementor-widget__width-initial elementor-widget elementor-widget-heading\" data-id=\"b19f32d\" data-element_type=\"widget\" data-widget_type=\"heading.default\">\n\t\t\t\t<div class=\"elementor-widget-container\">\n\t\t\t<h2 class=\"elementor-heading-title elementor-size-default\">Qui som?<\/h2>\t\t<\/div>\n\t\t\t\t<\/div>\n\t\t\t\t\t<\/div>\n\t\t<\/div>\n\t\t\t\t<div class=\"elementor-column elementor-col-33 elementor-inner-column elementor-element elementor-element-79de195\" data-id=\"79de195\" data-element_type=\"column\">\n\t\t\t<div class=\"elementor-widget-wrap elementor-element-populated\">\n\t\t\t\t\t\t<div class=\"elementor-element elementor-element-c627941 elementor-widget elementor-widget-eael-svg-draw\" data-id=\"c627941\" data-element_type=\"widget\" data-widget_type=\"eael-svg-draw.default\">\n\t\t\t\t<div class=\"elementor-widget-container\">\n\t\t\t<div class=\"eael-svg-draw-container page-load \" data-settings=\"{&quot;fill&quot;:&quot;&quot;,&quot;speed&quot;:&quot;20&quot;,&quot;offset&quot;:&quot;&quot;,&quot;loop&quot;:&quot;yes&quot;,&quot;pause&quot;:&quot;no&quot;,&quot;direction&quot;:&quot;reverse&quot;,&quot;excludeStyle&quot;:&quot;&quot;}\"><svg class='svg-inline--fas-fa-users  eael-svg-icon' aria-hidden='true' data-icon='store' role='img' xmlns='http:\/\/www.w3.org\/2000\/svg' viewBox='0 0 640 512' ><path d='M96 224c35.3 0 64-28.7 64-64s-28.7-64-64-64-64 28.7-64 64 28.7 64 64 64zm448 0c35.3 0 64-28.7 64-64s-28.7-64-64-64-64 28.7-64 64 28.7 64 64 64zm32 32h-64c-17.6 0-33.5 7.1-45.1 18.6 40.3 22.1 68.9 62 75.1 109.4h66c17.7 0 32-14.3 32-32v-32c0-35.3-28.7-64-64-64zm-256 0c61.9 0 112-50.1 112-112S381.9 32 320 32 208 82.1 208 144s50.1 112 112 112zm76.8 32h-8.3c-20.8 10-43.9 16-68.5 16s-47.6-6-68.5-16h-8.3C179.6 288 128 339.6 128 403.2V432c0 26.5 21.5 48 48 48h288c26.5 0 48-21.5 48-48v-28.8c0-63.6-51.6-115.2-115.2-115.2zm-223.7-13.4C161.5 263.1 145.6 256 128 256H64c-35.3 0-64 28.7-64 64v32c0 17.7 14.3 32 32 32h65.9c6.3-47.4 34.9-87.3 75.2-109.4z'><\/path><\/svg> <\/div>\t\t<\/div>\n\t\t\t\t<\/div>\n\t\t\t\t\t<\/div>\n\t\t<\/div>\n\t\t\t\t\t<\/div>\n\t\t<\/section>\n\t\t\t\t<section class=\"elementor-section elementor-inner-section elementor-element elementor-element-9ba6628 elementor-section-boxed elementor-section-height-default elementor-section-height-default\" data-id=\"9ba6628\" data-element_type=\"section\" data-settings=\"{&quot;_ha_eqh_enable&quot;:false}\">\n\t\t\t\t\t\t<div class=\"elementor-container elementor-column-gap-default\">\n\t\t\t\t\t<div class=\"elementor-column elementor-col-50 elementor-inner-column elementor-element elementor-element-d1d4e0d\" data-id=\"d1d4e0d\" data-element_type=\"column\">\n\t\t\t<div class=\"elementor-widget-wrap elementor-element-populated\">\n\t\t\t\t\t\t<div class=\"elementor-element elementor-element-9cd2d8b elementor-align-center elementor-widget elementor-widget-button\" data-id=\"9cd2d8b\" data-element_type=\"widget\" data-widget_type=\"button.default\">\n\t\t\t\t<div class=\"elementor-widget-container\">\n\t\t\t\t\t<div class=\"elementor-button-wrapper\">\n\t\t\t<a class=\"elementor-button elementor-button-link elementor-size-sm\" href=\"https:\/\/araisemprecultura.cat\/index.php\/qui-som\/\">\n\t\t\t\t\t\t<span class=\"elementor-button-content-wrapper\">\n\t\t\t\t\t\t\t\t\t<span class=\"elementor-button-text\">Fes clic per saber m\u00e9s...<\/span>\n\t\t\t\t\t<\/span>\n\t\t\t\t\t<\/a>\n\t\t<\/div>\n\t\t\t\t<\/div>\n\t\t\t\t<\/div>\n\t\t\t\t\t<\/div>\n\t\t<\/div>\n\t\t\t\t<div class=\"elementor-column elementor-col-50 elementor-inner-column elementor-element elementor-element-a68ef93\" data-id=\"a68ef93\" data-element_type=\"column\">\n\t\t\t<div class=\"elementor-widget-wrap elementor-element-populated\">\n\t\t\t\t\t\t<div class=\"elementor-element elementor-element-05a7ffb elementor-widget elementor-widget-text-editor\" data-id=\"05a7ffb\" data-element_type=\"widget\" data-widget_type=\"text-editor.default\">\n\t\t\t\t<div class=\"elementor-widget-container\">\n\t\t\t<style>\/*! elementor - v3.21.0 - 18-04-2024 *\/\n.elementor-widget-text-editor.elementor-drop-cap-view-stacked .elementor-drop-cap{background-color:#69727d;color:#fff}.elementor-widget-text-editor.elementor-drop-cap-view-framed .elementor-drop-cap{color:#69727d;border:3px solid;background-color:transparent}.elementor-widget-text-editor:not(.elementor-drop-cap-view-default) .elementor-drop-cap{margin-top:8px}.elementor-widget-text-editor:not(.elementor-drop-cap-view-default) .elementor-drop-cap-letter{width:1em;height:1em}.elementor-widget-text-editor .elementor-drop-cap{float:left;text-align:center;line-height:1;font-size:50px}.elementor-widget-text-editor .elementor-drop-cap-letter{display:inline-block}<\/style>\t\t\t\t<p style=\"text-align: justify;\"><span style=\"font-weight: 400;\">L\u2019Associaci\u00f3 <strong>ARA I SEMPRE<\/strong><\/span> \u00e9s una entitat oberta, din\u00e0mica i amb vocaci\u00f3 de servei p\u00fablic.<\/p><p style=\"text-align: justify;\">ARA I SEMPRE t\u00e9 com a objectiu principal contribuir a la difusi\u00f3 de la cultura popular i tradicional de Catalunya, amb especial atenci\u00f3 al m\u00f3n educatiu.\u00a0<\/p>\t\t\t\t\t\t<\/div>\n\t\t\t\t<\/div>\n\t\t\t\t\t<\/div>\n\t\t<\/div>\n\t\t\t\t\t<\/div>\n\t\t<\/section>\n\t\t\t\t<div class=\"elementor-element elementor-element-1872400 premium-testimonial__skin1 elementor-widget elementor-widget-premium-addon-testimonials\" data-id=\"1872400\" data-element_type=\"widget\" data-settings=\"{&quot;skin&quot;:&quot;skin1&quot;,&quot;img_position&quot;:&quot;relative&quot;,&quot;testimonials_per_row&quot;:&quot;33.33%&quot;,&quot;testimonials_per_row_tablet&quot;:&quot;100%&quot;,&quot;testimonials_per_row_mobile&quot;:&quot;100%&quot;}\" data-widget_type=\"premium-addon-testimonials.default\">\n\t\t\t\t<div class=\"elementor-widget-container\">\n\t\t\t\r\n\t\t\r\n\t\t<div class=\"premium-testimonial-box multiple-testimonials\">\r\n\r\n\t\t\t\r\n\t\t\t\t\r\n\t\t\t\t\r\n\t\t\t\t\t<div class=\"premium-testimonial-container\">\r\n\r\n\t\t\t\t\t\t\t\t\t\t\t\t\t<div class=\"premium-testimonial-upper-quote\">\r\n\t\t\t\t\t\t\t\t<svg id=\"Layer_1\" class=\"premium-testimonial-quote\" xmlns=\"http:\/\/www.w3.org\/2000\/svg\" width=\"48\" height=\"37\" viewBox=\"0 0 48 37\"><path class=\"cls-1\" d=\"m37,37c6.07,0,11-4.93,11-11s-4.93-11-11-11c-.32,0-.63.02-.94.05.54-4.81,2.18-9.43,4.79-13.52.19-.31.2-.7.03-1.01-.18-.32-.51-.52-.88-.52h-2c-.27,0-.54.11-.73.31-5.14,5.41-11.27,14.26-11.27,25.69,0,6.07,4.93,10.99,11,11h0Zm-26,0c6.07,0,11-4.93,11-11s-4.93-11-11-11c-.32,0-.63.02-.94.05.54-4.81,2.18-9.43,4.79-13.52.19-.31.2-.7.03-1.01-.18-.32-.51-.52-.87-.52h-2c-.27,0-.54.11-.73.31C6.13,5.72,0,14.57,0,26c0,6.07,4.93,10.99,11,11h0Zm0,0\"\/><\/svg>\t\t\t\t\t\t\t<\/div>\r\n\t\t\t\t\t\t\r\n\t\t\t\t\t\t<div class=\"premium-testimonial-content-wrapper\">\r\n\r\n\t\t\t\t\t\t\t\t\t\t\t\t\t\t\t<div class=\"premium-testimonial-heading\">\r\n\t\t\t\t\t\t\t\t\t<p >\r\n\t\t\t\t\t\t\t\t\t\tInclusi\u00f3\t\t\t\t\t\t\t\t\t<\/p>\r\n\t\t\t\t\t\t\t\t<\/div>\r\n\t\t\t\t\t\t\t\r\n\t\t\t\t\t\t\t<div class=\"premium-testimonial-text-wrapper\">\r\n\t\t\t\t\t\t\t\t<div >\r\n\t\t\t\t\t\t\t\t\t<p style=\"text-align: justify;\">L&#8217;Article 27 de la Declaraci\u00f3 Universal dels Drets Humans reconeix a tota persona el dret a participar lliurement en la vida cultural de la comunitat. ARA I SEMPRE treballa per acabar amb les barreres encara existents entre la societat i la cultura popular.<\/p>\t\t\t\t\t\t\t\t<\/div>\r\n\t\t\t\t\t\t\t<\/div>\r\n\r\n\t\t\t\t\t\t\t\r\n\t\t\t\t\t\t\t\r\n\t\t\t\t\t\t\t\t\t\t\t\t\t\t\t\t\t\t\t\t\t\t\t\t\t\t\t<div class=\"premium-testimonial-img-wrapper\">\r\n\t\t\t\t\t\t\t\t\t\t\t<img decoding=\"async\" src=\"https:\/\/araisemprecultura.cat\/wp-content\/uploads\/2024\/01\/DSC01486-scaled.jpg\" title=\"DSC01486\" alt=\"DSC01486\" loading=\"lazy\" \/>\t\t\t\t\t\t\t\t\t\t<\/div>\r\n\t\t\t\t\t\t\t\t\t\t\t\t\t\t\t\t\t\r\n\t\t\t\t\t\t\t\t<div class=\"premium-testimonial-author-info\">\r\n\t\t\t\t\t\t\t\t\t<h3 class=\"premium-testimonial-person-name\">\r\n\t\t\t\t\t\t\t\t\t\t<span >\r\n\t\t\t\t\t\t\t\t\t\t\tAdri\u00e0 Ortiz Mera\t\t\t\t\t\t\t\t\t\t<\/span>\r\n\t\t\t\t\t\t\t\t\t<\/h3>\r\n\r\n\t\t\t\t\t\t\t\t\t\t\t\t\t\t\t\t\t\t\t<h4 class=\"premium-testimonial-job\">\r\n\t\t\t\t\t\t\t\t\t\t\t\t\t\t\t\t\t\t\t\t\t<a class=\"premium-testimonial-company-link\" href=\"https:\/\/araisemprecultura.cat\/index.php\/junta-directiva\/\" target=\"_blank\">\r\n\t\t\t\t\t\t\t\t\t\t\t\t<span >\r\n\t\t\t\t\t\t\t\t\t\t\t\t\tPresid\u00e8ncia\t\t\t\t\t\t\t\t\t\t\t\t<\/span>\r\n\t\t\t\t\t\t\t\t\t\t\t<\/a>\r\n\t\t\t\t\t\t\t\t\t\t\t\t\t\t\t\t\t\t\t\t<\/h4>\r\n\t\t\t\t\t\t\t\t\t\t\t\t\t\t\t\t\t<\/div>\r\n\r\n\t\t\t\t\t\t\t\r\n\t\t\t\t\t\t<\/div>\r\n\r\n\t\t\t\t\t\t\t\t\t\t\t\t\t<div class=\"premium-testimonial-lower-quote\">\r\n\t\t\t\t\t\t\t\t<svg id=\"Layer_1\" class=\"premium-testimonial-quote\" xmlns=\"http:\/\/www.w3.org\/2000\/svg\" width=\"48\" height=\"37\" viewBox=\"0 0 48 37\"><path class=\"cls-1\" d=\"m37,37c6.07,0,11-4.93,11-11s-4.93-11-11-11c-.32,0-.63.02-.94.05.54-4.81,2.18-9.43,4.79-13.52.19-.31.2-.7.03-1.01-.18-.32-.51-.52-.88-.52h-2c-.27,0-.54.11-.73.31-5.14,5.41-11.27,14.26-11.27,25.69,0,6.07,4.93,10.99,11,11h0Zm-26,0c6.07,0,11-4.93,11-11s-4.93-11-11-11c-.32,0-.63.02-.94.05.54-4.81,2.18-9.43,4.79-13.52.19-.31.2-.7.03-1.01-.18-.32-.51-.52-.87-.52h-2c-.27,0-.54.11-.73.31C6.13,5.72,0,14.57,0,26c0,6.07,4.93,10.99,11,11h0Zm0,0\"\/><\/svg>\t\t\t\t\t\t\t<\/div>\r\n\t\t\t\t\t\t\r\n\t\t\t\t\t<\/div>\r\n\r\n\t\t\t\t\r\n\t\t\t\t\t<div class=\"premium-testimonial-container\">\r\n\r\n\t\t\t\t\t\t\t\t\t\t\t\t\t<div class=\"premium-testimonial-upper-quote\">\r\n\t\t\t\t\t\t\t\t<svg id=\"Layer_1\" class=\"premium-testimonial-quote\" xmlns=\"http:\/\/www.w3.org\/2000\/svg\" width=\"48\" height=\"37\" viewBox=\"0 0 48 37\"><path class=\"cls-1\" d=\"m37,37c6.07,0,11-4.93,11-11s-4.93-11-11-11c-.32,0-.63.02-.94.05.54-4.81,2.18-9.43,4.79-13.52.19-.31.2-.7.03-1.01-.18-.32-.51-.52-.88-.52h-2c-.27,0-.54.11-.73.31-5.14,5.41-11.27,14.26-11.27,25.69,0,6.07,4.93,10.99,11,11h0Zm-26,0c6.07,0,11-4.93,11-11s-4.93-11-11-11c-.32,0-.63.02-.94.05.54-4.81,2.18-9.43,4.79-13.52.19-.31.2-.7.03-1.01-.18-.32-.51-.52-.87-.52h-2c-.27,0-.54.11-.73.31C6.13,5.72,0,14.57,0,26c0,6.07,4.93,10.99,11,11h0Zm0,0\"\/><\/svg>\t\t\t\t\t\t\t<\/div>\r\n\t\t\t\t\t\t\r\n\t\t\t\t\t\t<div class=\"premium-testimonial-content-wrapper\">\r\n\r\n\t\t\t\t\t\t\t\t\t\t\t\t\t\t\t<div class=\"premium-testimonial-heading\">\r\n\t\t\t\t\t\t\t\t\t<p >\r\n\t\t\t\t\t\t\t\t\t\tEducaci\u00f3\t\t\t\t\t\t\t\t\t<\/p>\r\n\t\t\t\t\t\t\t\t<\/div>\r\n\t\t\t\t\t\t\t\r\n\t\t\t\t\t\t\t<div class=\"premium-testimonial-text-wrapper\">\r\n\t\t\t\t\t\t\t\t<div >\r\n\t\t\t\t\t\t\t\t\t<p style=\"text-align: justify;\">La difusi\u00f3 de les nostres tradicions en el sistema educatiu no sols educa, sin\u00f3 que tamb\u00e9 enforteix el vincle emocional dels i les estudiants amb la seva rica her\u00e8ncia cultural. ARA I SEMPRE treballa per apropar la cultura popular a trav\u00e9s de les aules.<\/p>\t\t\t\t\t\t\t\t<\/div>\r\n\t\t\t\t\t\t\t<\/div>\r\n\r\n\t\t\t\t\t\t\t\r\n\t\t\t\t\t\t\t\r\n\t\t\t\t\t\t\t\t\t\t\t\t\t\t\t\t\t\t\t\t\t\t\t\t\t\t\t<div class=\"premium-testimonial-img-wrapper\">\r\n\t\t\t\t\t\t\t\t\t\t\t<img decoding=\"async\" src=\"https:\/\/araisemprecultura.cat\/wp-content\/uploads\/2024\/02\/IMG_0894-scaled-e1708887716872.jpg\" title=\"IMG_0894\" alt=\"IMG_0894\" loading=\"lazy\" \/>\t\t\t\t\t\t\t\t\t\t<\/div>\r\n\t\t\t\t\t\t\t\t\t\t\t\t\t\t\t\t\t\r\n\t\t\t\t\t\t\t\t<div class=\"premium-testimonial-author-info\">\r\n\t\t\t\t\t\t\t\t\t<h3 class=\"premium-testimonial-person-name\">\r\n\t\t\t\t\t\t\t\t\t\t<span >\r\n\t\t\t\t\t\t\t\t\t\t\tAlmudena Hern\u00e1ndez Real\t\t\t\t\t\t\t\t\t\t<\/span>\r\n\t\t\t\t\t\t\t\t\t<\/h3>\r\n\r\n\t\t\t\t\t\t\t\t\t\t\t\t\t\t\t\t\t\t\t<h4 class=\"premium-testimonial-job\">\r\n\t\t\t\t\t\t\t\t\t\t\t\t\t\t\t\t\t\t\t\t\t<a class=\"premium-testimonial-company-link\" href=\"https:\/\/araisemprecultura.cat\/index.php\/junta-directiva\/\" target=\"_blank\">\r\n\t\t\t\t\t\t\t\t\t\t\t\t<span >\r\n\t\t\t\t\t\t\t\t\t\t\t\t\tSecretaria\t\t\t\t\t\t\t\t\t\t\t\t<\/span>\r\n\t\t\t\t\t\t\t\t\t\t\t<\/a>\r\n\t\t\t\t\t\t\t\t\t\t\t\t\t\t\t\t\t\t\t\t<\/h4>\r\n\t\t\t\t\t\t\t\t\t\t\t\t\t\t\t\t\t<\/div>\r\n\r\n\t\t\t\t\t\t\t\r\n\t\t\t\t\t\t<\/div>\r\n\r\n\t\t\t\t\t\t\t\t\t\t\t\t\t<div class=\"premium-testimonial-lower-quote\">\r\n\t\t\t\t\t\t\t\t<svg id=\"Layer_1\" class=\"premium-testimonial-quote\" xmlns=\"http:\/\/www.w3.org\/2000\/svg\" width=\"48\" height=\"37\" viewBox=\"0 0 48 37\"><path class=\"cls-1\" d=\"m37,37c6.07,0,11-4.93,11-11s-4.93-11-11-11c-.32,0-.63.02-.94.05.54-4.81,2.18-9.43,4.79-13.52.19-.31.2-.7.03-1.01-.18-.32-.51-.52-.88-.52h-2c-.27,0-.54.11-.73.31-5.14,5.41-11.27,14.26-11.27,25.69,0,6.07,4.93,10.99,11,11h0Zm-26,0c6.07,0,11-4.93,11-11s-4.93-11-11-11c-.32,0-.63.02-.94.05.54-4.81,2.18-9.43,4.79-13.52.19-.31.2-.7.03-1.01-.18-.32-.51-.52-.87-.52h-2c-.27,0-.54.11-.73.31C6.13,5.72,0,14.57,0,26c0,6.07,4.93,10.99,11,11h0Zm0,0\"\/><\/svg>\t\t\t\t\t\t\t<\/div>\r\n\t\t\t\t\t\t\r\n\t\t\t\t\t<\/div>\r\n\r\n\t\t\t\t\r\n\t\t\t\t\t<div class=\"premium-testimonial-container\">\r\n\r\n\t\t\t\t\t\t\t\t\t\t\t\t\t<div class=\"premium-testimonial-upper-quote\">\r\n\t\t\t\t\t\t\t\t<svg id=\"Layer_1\" class=\"premium-testimonial-quote\" xmlns=\"http:\/\/www.w3.org\/2000\/svg\" width=\"48\" height=\"37\" viewBox=\"0 0 48 37\"><path class=\"cls-1\" d=\"m37,37c6.07,0,11-4.93,11-11s-4.93-11-11-11c-.32,0-.63.02-.94.05.54-4.81,2.18-9.43,4.79-13.52.19-.31.2-.7.03-1.01-.18-.32-.51-.52-.88-.52h-2c-.27,0-.54.11-.73.31-5.14,5.41-11.27,14.26-11.27,25.69,0,6.07,4.93,10.99,11,11h0Zm-26,0c6.07,0,11-4.93,11-11s-4.93-11-11-11c-.32,0-.63.02-.94.05.54-4.81,2.18-9.43,4.79-13.52.19-.31.2-.7.03-1.01-.18-.32-.51-.52-.87-.52h-2c-.27,0-.54.11-.73.31C6.13,5.72,0,14.57,0,26c0,6.07,4.93,10.99,11,11h0Zm0,0\"\/><\/svg>\t\t\t\t\t\t\t<\/div>\r\n\t\t\t\t\t\t\r\n\t\t\t\t\t\t<div class=\"premium-testimonial-content-wrapper\">\r\n\r\n\t\t\t\t\t\t\t\t\t\t\t\t\t\t\t<div class=\"premium-testimonial-heading\">\r\n\t\t\t\t\t\t\t\t\t<p >\r\n\t\t\t\t\t\t\t\t\t\tDinamisme\t\t\t\t\t\t\t\t\t<\/p>\r\n\t\t\t\t\t\t\t\t<\/div>\r\n\t\t\t\t\t\t\t\r\n\t\t\t\t\t\t\t<div class=\"premium-testimonial-text-wrapper\">\r\n\t\t\t\t\t\t\t\t<div >\r\n\t\t\t\t\t\t\t\t\t<p style=\"text-align: justify;\">La cultura popular \u00e9s quelcom din\u00e0mic i no pas est\u00e0tic. Hem d&#8217;estar preparades per les motivacions i necessitats de les noves generacions. ARA I SEMPRE treballa des del respecte, preservant i creant, de forma col\u00b7lectiva.<\/p>\t\t\t\t\t\t\t\t<\/div>\r\n\t\t\t\t\t\t\t<\/div>\r\n\r\n\t\t\t\t\t\t\t\r\n\t\t\t\t\t\t\t\r\n\t\t\t\t\t\t\t\t\t\t\t\t\t\t\t\t\t\t\t\t\t\t\t\t\t\t\t<div class=\"premium-testimonial-img-wrapper\">\r\n\t\t\t\t\t\t\t\t\t\t\t<img decoding=\"async\" src=\"https:\/\/araisemprecultura.cat\/wp-content\/uploads\/2025\/03\/WhatsApp-Image-2025-03-23-at-22.40.39-scaled.jpeg\" title=\"WhatsApp Image 2025-03-23 at 22.40.39\" alt=\"WhatsApp Image 2025-03-23 at 22.40.39\" loading=\"lazy\" \/>\t\t\t\t\t\t\t\t\t\t<\/div>\r\n\t\t\t\t\t\t\t\t\t\t\t\t\t\t\t\t\t\r\n\t\t\t\t\t\t\t\t<div class=\"premium-testimonial-author-info\">\r\n\t\t\t\t\t\t\t\t\t<h3 class=\"premium-testimonial-person-name\">\r\n\t\t\t\t\t\t\t\t\t\t<span >\r\n\t\t\t\t\t\t\t\t\t\t\tLaura Gotarra S\u00e1nchez\t\t\t\t\t\t\t\t\t\t<\/span>\r\n\t\t\t\t\t\t\t\t\t<\/h3>\r\n\r\n\t\t\t\t\t\t\t\t\t\t\t\t\t\t\t\t\t\t\t<h4 class=\"premium-testimonial-job\">\r\n\t\t\t\t\t\t\t\t\t\t\t\t\t\t\t\t\t\t\t\t\t<a class=\"premium-testimonial-company-link\" href=\"https:\/\/araisemprecultura.cat\/index.php\/junta-directiva\/\" target=\"_blank\">\r\n\t\t\t\t\t\t\t\t\t\t\t\t<span >\r\n\t\t\t\t\t\t\t\t\t\t\t\t\tTresoreria\t\t\t\t\t\t\t\t\t\t\t\t<\/span>\r\n\t\t\t\t\t\t\t\t\t\t\t<\/a>\r\n\t\t\t\t\t\t\t\t\t\t\t\t\t\t\t\t\t\t\t\t<\/h4>\r\n\t\t\t\t\t\t\t\t\t\t\t\t\t\t\t\t\t<\/div>\r\n\r\n\t\t\t\t\t\t\t\r\n\t\t\t\t\t\t<\/div>\r\n\r\n\t\t\t\t\t\t\t\t\t\t\t\t\t<div class=\"premium-testimonial-lower-quote\">\r\n\t\t\t\t\t\t\t\t<svg id=\"Layer_1\" class=\"premium-testimonial-quote\" xmlns=\"http:\/\/www.w3.org\/2000\/svg\" width=\"48\" height=\"37\" viewBox=\"0 0 48 37\"><path class=\"cls-1\" d=\"m37,37c6.07,0,11-4.93,11-11s-4.93-11-11-11c-.32,0-.63.02-.94.05.54-4.81,2.18-9.43,4.79-13.52.19-.31.2-.7.03-1.01-.18-.32-.51-.52-.88-.52h-2c-.27,0-.54.11-.73.31-5.14,5.41-11.27,14.26-11.27,25.69,0,6.07,4.93,10.99,11,11h0Zm-26,0c6.07,0,11-4.93,11-11s-4.93-11-11-11c-.32,0-.63.02-.94.05.54-4.81,2.18-9.43,4.79-13.52.19-.31.2-.7.03-1.01-.18-.32-.51-.52-.87-.52h-2c-.27,0-.54.11-.73.31C6.13,5.72,0,14.57,0,26c0,6.07,4.93,10.99,11,11h0Zm0,0\"\/><\/svg>\t\t\t\t\t\t\t<\/div>\r\n\t\t\t\t\t\t\r\n\t\t\t\t\t<\/div>\r\n\r\n\t\t\t\t\t\t\t\r\n\r\n\t\t<\/div>\r\n\t\t\t\t<\/div>\n\t\t\t\t<\/div>\n\t\t\t\t\t<\/div>\n\t\t<\/div>\n\t\t\t\t\t<\/div>\n\t\t<\/section>\n\t\t\t\t<section class=\"elementor-section elementor-top-section elementor-element elementor-element-7c8a372 elementor-section-full_width elementor-section-height-min-height elementor-section-height-default elementor-section-items-middle\" data-id=\"7c8a372\" data-element_type=\"section\" data-settings=\"{&quot;shape_divider_top&quot;:&quot;tilt&quot;,&quot;shape_divider_bottom&quot;:&quot;tilt&quot;,&quot;_ha_eqh_enable&quot;:false}\">\n\t\t\t\t\t\t\t<div class=\"elementor-background-overlay\"><\/div>\n\t\t\t\t\t\t<div class=\"elementor-shape elementor-shape-top\" data-negative=\"false\">\n\t\t\t<svg xmlns=\"http:\/\/www.w3.org\/2000\/svg\" viewBox=\"0 0 1000 100\" preserveAspectRatio=\"none\">\n\t<path class=\"elementor-shape-fill\" d=\"M0,6V0h1000v100L0,6z\"\/>\n<\/svg>\t\t<\/div>\n\t\t\t\t<div class=\"elementor-shape elementor-shape-bottom\" data-negative=\"false\">\n\t\t\t<svg xmlns=\"http:\/\/www.w3.org\/2000\/svg\" viewBox=\"0 0 1000 100\" preserveAspectRatio=\"none\">\n\t<path class=\"elementor-shape-fill\" d=\"M0,6V0h1000v100L0,6z\"\/>\n<\/svg>\t\t<\/div>\n\t\t\t\t\t<div class=\"elementor-container elementor-column-gap-default\">\n\t\t\t\t\t<div class=\"elementor-column elementor-col-100 elementor-top-column elementor-element elementor-element-2f3b383\" data-id=\"2f3b383\" data-element_type=\"column\">\n\t\t\t<div class=\"elementor-widget-wrap elementor-element-populated\">\n\t\t\t\t\t\t<div class=\"elementor-element elementor-element-8dfd162 elementor-widget elementor-widget-heading\" data-id=\"8dfd162\" data-element_type=\"widget\" data-widget_type=\"heading.default\">\n\t\t\t\t<div class=\"elementor-widget-container\">\n\t\t\t<h2 class=\"elementor-heading-title elementor-size-default\">Estigues sempre a l'\u00faltima<\/h2>\t\t<\/div>\n\t\t\t\t<\/div>\n\t\t\t\t<div class=\"elementor-element elementor-element-a659c2a elementor-widget-divider--view-line elementor-widget elementor-widget-divider\" data-id=\"a659c2a\" data-element_type=\"widget\" data-widget_type=\"divider.default\">\n\t\t\t\t<div class=\"elementor-widget-container\">\n\t\t\t\t\t<div class=\"elementor-divider\">\n\t\t\t<span class=\"elementor-divider-separator\">\n\t\t\t\t\t\t<\/span>\n\t\t<\/div>\n\t\t\t\t<\/div>\n\t\t\t\t<\/div>\n\t\t\t\t<section class=\"elementor-section elementor-inner-section elementor-element elementor-element-0d7b49f elementor-section-boxed elementor-section-height-default elementor-section-height-default\" data-id=\"0d7b49f\" data-element_type=\"section\" data-settings=\"{&quot;_ha_eqh_enable&quot;:false}\">\n\t\t\t\t\t\t<div class=\"elementor-container elementor-column-gap-default\">\n\t\t\t\t\t<div class=\"elementor-column elementor-col-33 elementor-inner-column elementor-element elementor-element-1affdad\" data-id=\"1affdad\" data-element_type=\"column\">\n\t\t\t<div class=\"elementor-widget-wrap elementor-element-populated\">\n\t\t\t\t\t\t<div class=\"elementor-element elementor-element-cec287c elementor-widget elementor-widget-heading\" data-id=\"cec287c\" data-element_type=\"widget\" data-widget_type=\"heading.default\">\n\t\t\t\t<div class=\"elementor-widget-container\">\n\t\t\t<h3 class=\"elementor-heading-title elementor-size-default\">Not\u00edcies<\/h3>\t\t<\/div>\n\t\t\t\t<\/div>\n\t\t\t\t<div class=\"elementor-element elementor-element-c0e90eb elementor-widget__width-initial elementor-widget elementor-widget-carousel-slider-elementor\" data-id=\"c0e90eb\" data-element_type=\"widget\" data-widget_type=\"carousel-slider-elementor.default\">\n\t\t\t\t<div class=\"elementor-widget-container\">\n\t\t\t<div class=\"carousel-slider-elementor-widget\"><div class=\"carousel-slider-outer carousel-slider-outer-post-carousel carousel-slider-outer-724\" style=\"--carousel-slider-nav-color:#f1f1f1;--carousel-slider-active-nav-color:#00d1b2;--carousel-slider-arrow-size:48px;--carousel-slider-bullet-size:10px\">\n<div id=\"&apos;id-724\" class=\"carousel-slider carousel-slider-724 arrows-visibility-hover dots-visibility-never arrows-outside dots-center dots-circle owl-carousel\" data-slide-type=\"post-carousel\" data-owl-settings=\"{&quot;nav&quot;:true,&quot;dots&quot;:false,&quot;slideBy&quot;:1,&quot;stagePadding&quot;:0,&quot;margin&quot;:10,&quot;loop&quot;:true,&quot;lazyLoad&quot;:true,&quot;autoplay&quot;:true,&quot;autoplayTimeout&quot;:5000,&quot;autoplaySpeed&quot;:500,&quot;autoplayHoverPause&quot;:true,&quot;autoWidth&quot;:false,&quot;items&quot;:1}\">\n<div class=\"carousel-slider__post\">\n\t<div class=\"carousel-slider__post-content\">\n\t\t<div class=\"carousel-slider__post-header\">\n\t\t\t<a class=\"carousel-slider__post-image\" href=\"https:\/\/araisemprecultura.cat\/index.php\/sant-andreu-porta-la-cultura-popular-a-la-festa-major-del-baell\/noticies\/araisempre\/\" style=\"background-image: url(https:\/\/araisemprecultura.cat\/wp-content\/uploads\/2026\/08\/IMG_9199-scaled.jpg)\"><\/a>\t\t\t<a class=\"carousel-slider__post-title\" href=\"https:\/\/araisemprecultura.cat\/index.php\/sant-andreu-porta-la-cultura-popular-a-la-festa-major-del-baell\/noticies\/araisempre\/\">\n\t\t\t\t<h2>Sant Andreu porta la cultura popular a la Festa Major del Baell<\/h2>\n\t\t\t<\/a>\n\t\t<\/div>\n\t\t<div class=\"carousel-slider__post-excerpt\">\n\t\t\t23 d&#8217;agost de 2026 El Ball de Bastons de Sant Andreu \u2013 ARA I SEMPRE va participar aquest diumenge 23 ...\t\t<\/div>\n\t\t<footer class=\"carousel-slider__post-meta\">\n\t\t\t<div class=\"carousel-slider__post-publication-meta\">\n\t\t\t\t<div class=\"carousel-slider__post-details-info\">\n\t\t\t\t\t<div class=\"carousel-slider__post-author\">\n\t\t\t\t\t\t<a class=\"carousel-slider__post-author-link\" href=\"https:\/\/araisemprecultura.cat\/index.php\/author\/araisempre\/\">\n\t\t\t\t\t\t\tAssociaci\u00f3 ARA I SEMPRE\t\t\t\t\t\t<\/a>\n\t\t\t\t\t<\/div>\n\t\t\t\t\t<time class=\"carousel-slider__post-publication-date\" datetime=\"2026-08-23T19:30:23+00:00\">\n\t\t\t\t\t\tagost 23, 2026\t\t\t\t\t<\/time>\n\t\t\t\t<\/div>\n\t\t\t<\/div>\n\t\t\t\t\t\t\t<div class=\"carousel-slider__post-category\">\n\t\t\t\t\t<a class=\"carousel-slider__post-category-link\" href=\"https:\/\/araisemprecultura.cat\/index.php\/category\/noticies\/\">\n\t\t\t\t\t\tNot\u00edcies\t\t\t\t\t<\/a>\n\t\t\t\t<\/div>\n\t\t\t\t\t<\/footer>\n\t<\/div>\n<\/div>\n<div class=\"carousel-slider__post\">\n\t<div class=\"carousel-slider__post-content\">\n\t\t<div class=\"carousel-slider__post-header\">\n\t\t\t<a class=\"carousel-slider__post-image\" href=\"https:\/\/araisemprecultura.cat\/index.php\/el-ball-de-bastons-planta-una-llavor-a-oslo\/noticies\/araisempre\/\" style=\"background-image: url(https:\/\/araisemprecultura.cat\/wp-content\/uploads\/2026\/08\/DSC03325-scaled.jpg)\"><\/a>\t\t\t<a class=\"carousel-slider__post-title\" href=\"https:\/\/araisemprecultura.cat\/index.php\/el-ball-de-bastons-planta-una-llavor-a-oslo\/noticies\/araisempre\/\">\n\t\t\t\t<h2>El Ball de Bastons planta una llavor a Oslo<\/h2>\n\t\t\t<\/a>\n\t\t<\/div>\n\t\t<div class=\"carousel-slider__post-excerpt\">\n\t\t\t20 d&#8217;agost de 2026 La Colla Bastonera Les Romanes \u2013 ARA I SEMPRE va compartir aquest dijous 20 d\u2019agost una ...\t\t<\/div>\n\t\t<footer class=\"carousel-slider__post-meta\">\n\t\t\t<div class=\"carousel-slider__post-publication-meta\">\n\t\t\t\t<div class=\"carousel-slider__post-details-info\">\n\t\t\t\t\t<div class=\"carousel-slider__post-author\">\n\t\t\t\t\t\t<a class=\"carousel-slider__post-author-link\" href=\"https:\/\/araisemprecultura.cat\/index.php\/author\/araisempre\/\">\n\t\t\t\t\t\t\tAssociaci\u00f3 ARA I SEMPRE\t\t\t\t\t\t<\/a>\n\t\t\t\t\t<\/div>\n\t\t\t\t\t<time class=\"carousel-slider__post-publication-date\" datetime=\"2026-08-20T19:10:01+00:00\">\n\t\t\t\t\t\tagost 20, 2026\t\t\t\t\t<\/time>\n\t\t\t\t<\/div>\n\t\t\t<\/div>\n\t\t\t\t\t\t\t<div class=\"carousel-slider__post-category\">\n\t\t\t\t\t<a class=\"carousel-slider__post-category-link\" href=\"https:\/\/araisemprecultura.cat\/index.php\/category\/noticies\/\">\n\t\t\t\t\t\tNot\u00edcies\t\t\t\t\t<\/a>\n\t\t\t\t<\/div>\n\t\t\t\t\t<\/footer>\n\t<\/div>\n<\/div>\n<div class=\"carousel-slider__post\">\n\t<div class=\"carousel-slider__post-content\">\n\t\t<div class=\"carousel-slider__post-header\">\n\t\t\t<a class=\"carousel-slider__post-image\" href=\"https:\/\/araisemprecultura.cat\/index.php\/les-romanes-i-el-ball-de-gitanes-celebren-la-festa-major-del-casc-antic-de-barbera\/noticies\/araisempre\/\" style=\"background-image: url(https:\/\/araisemprecultura.cat\/wp-content\/uploads\/2026\/07\/\ud83d\udd1d-I-com-ja-es-tradicio-ARA-I-SEMPRE-acaba-el-juliol-amb-illusio.-Si-darrer-dissabte-de-juliol-1.jpg)\"><\/a>\t\t\t<a class=\"carousel-slider__post-title\" href=\"https:\/\/araisemprecultura.cat\/index.php\/les-romanes-i-el-ball-de-gitanes-celebren-la-festa-major-del-casc-antic-de-barbera\/noticies\/araisempre\/\">\n\t\t\t\t<h2>Les Romanes i el Ball de Gitanes celebren la Festa Major del Casc Antic de Barber\u00e0<\/h2>\n\t\t\t<\/a>\n\t\t<\/div>\n\t\t<div class=\"carousel-slider__post-excerpt\">\n\t\t\t26 de juliol de 2026 La Colla Bastonera Les Romanes i el Ball de Gitanes \u2013 ARA I SEMPRE van ...\t\t<\/div>\n\t\t<footer class=\"carousel-slider__post-meta\">\n\t\t\t<div class=\"carousel-slider__post-publication-meta\">\n\t\t\t\t<div class=\"carousel-slider__post-details-info\">\n\t\t\t\t\t<div class=\"carousel-slider__post-author\">\n\t\t\t\t\t\t<a class=\"carousel-slider__post-author-link\" href=\"https:\/\/araisemprecultura.cat\/index.php\/author\/araisempre\/\">\n\t\t\t\t\t\t\tAssociaci\u00f3 ARA I SEMPRE\t\t\t\t\t\t<\/a>\n\t\t\t\t\t<\/div>\n\t\t\t\t\t<time class=\"carousel-slider__post-publication-date\" datetime=\"2026-07-29T18:02:40+00:00\">\n\t\t\t\t\t\tjuliol 29, 2026\t\t\t\t\t<\/time>\n\t\t\t\t<\/div>\n\t\t\t<\/div>\n\t\t\t\t\t\t\t<div class=\"carousel-slider__post-category\">\n\t\t\t\t\t<a class=\"carousel-slider__post-category-link\" href=\"https:\/\/araisemprecultura.cat\/index.php\/category\/noticies\/\">\n\t\t\t\t\t\tNot\u00edcies\t\t\t\t\t<\/a>\n\t\t\t\t<\/div>\n\t\t\t\t\t<\/footer>\n\t<\/div>\n<\/div>\n<div class=\"carousel-slider__post\">\n\t<div class=\"carousel-slider__post-content\">\n\t\t<div class=\"carousel-slider__post-header\">\n\t\t\t<a class=\"carousel-slider__post-image\" href=\"https:\/\/araisemprecultura.cat\/index.php\/ara-i-sempre-torna-a-la-trobada-bastonera-de-prats-de-llucanes\/noticies\/araisempre\/\" style=\"background-image: url(https:\/\/araisemprecultura.cat\/wp-content\/uploads\/2026\/07\/\ud83d\udd1d-I-com-ja-es-tradicio-ARA-I-SEMPRE-acaba-el-juliol-amb-illusio.-Si-darrer-dissabte-de-juliol.jpg)\"><\/a>\t\t\t<a class=\"carousel-slider__post-title\" href=\"https:\/\/araisemprecultura.cat\/index.php\/ara-i-sempre-torna-a-la-trobada-bastonera-de-prats-de-llucanes\/noticies\/araisempre\/\">\n\t\t\t\t<h2>ARA I SEMPRE torna a la Trobada Bastonera de Prats de Llu\u00e7an\u00e8s<\/h2>\n\t\t\t<\/a>\n\t\t<\/div>\n\t\t<div class=\"carousel-slider__post-excerpt\">\n\t\t\t26 de juliol de 2026 ARA I SEMPRE va tornar a participar en la trobada bastonera organitzada pels Estelladors de ...\t\t<\/div>\n\t\t<footer class=\"carousel-slider__post-meta\">\n\t\t\t<div class=\"carousel-slider__post-publication-meta\">\n\t\t\t\t<div class=\"carousel-slider__post-details-info\">\n\t\t\t\t\t<div class=\"carousel-slider__post-author\">\n\t\t\t\t\t\t<a class=\"carousel-slider__post-author-link\" href=\"https:\/\/araisemprecultura.cat\/index.php\/author\/araisempre\/\">\n\t\t\t\t\t\t\tAssociaci\u00f3 ARA I SEMPRE\t\t\t\t\t\t<\/a>\n\t\t\t\t\t<\/div>\n\t\t\t\t\t<time class=\"carousel-slider__post-publication-date\" datetime=\"2026-07-29T18:02:32+00:00\">\n\t\t\t\t\t\tjuliol 29, 2026\t\t\t\t\t<\/time>\n\t\t\t\t<\/div>\n\t\t\t<\/div>\n\t\t\t\t\t\t\t<div class=\"carousel-slider__post-category\">\n\t\t\t\t\t<a class=\"carousel-slider__post-category-link\" href=\"https:\/\/araisemprecultura.cat\/index.php\/category\/noticies\/\">\n\t\t\t\t\t\tNot\u00edcies\t\t\t\t\t<\/a>\n\t\t\t\t<\/div>\n\t\t\t\t\t<\/footer>\n\t<\/div>\n<\/div>\n<div class=\"carousel-slider__post\">\n\t<div class=\"carousel-slider__post-content\">\n\t\t<div class=\"carousel-slider__post-header\">\n\t\t\t<a class=\"carousel-slider__post-image\" href=\"https:\/\/araisemprecultura.cat\/index.php\/ara-i-sempre-celebra-cinc-edicions-compartides-amb-la-trobada-bastonera-de-sant-julia-de-loria\/noticies\/araisempre\/\" style=\"background-image: url(https:\/\/araisemprecultura.cat\/wp-content\/uploads\/2026\/07\/\ud83c\udde6\ud83c\udde9-Quan-arriba-juliol-sabem-que-tenim-quelcom-ben-especial-ben-apuntat-a-lagenda.-El-darrer-d.jpg)\"><\/a>\t\t\t<a class=\"carousel-slider__post-title\" href=\"https:\/\/araisemprecultura.cat\/index.php\/ara-i-sempre-celebra-cinc-edicions-compartides-amb-la-trobada-bastonera-de-sant-julia-de-loria\/noticies\/araisempre\/\">\n\t\t\t\t<h2>ARA I SEMPRE celebra cinc edicions compartides amb la Trobada Bastonera de Sant Juli\u00e0 de L\u00f2ria<\/h2>\n\t\t\t<\/a>\n\t\t<\/div>\n\t\t<div class=\"carousel-slider__post-excerpt\">\n\t\t\t25 de juliol de 2026 ARA I SEMPRE va tornar a participar en la Trobada Bastonera organitzada per l\u2019Esbart Laur\u00e8dia ...\t\t<\/div>\n\t\t<footer class=\"carousel-slider__post-meta\">\n\t\t\t<div class=\"carousel-slider__post-publication-meta\">\n\t\t\t\t<div class=\"carousel-slider__post-details-info\">\n\t\t\t\t\t<div class=\"carousel-slider__post-author\">\n\t\t\t\t\t\t<a class=\"carousel-slider__post-author-link\" href=\"https:\/\/araisemprecultura.cat\/index.php\/author\/araisempre\/\">\n\t\t\t\t\t\t\tAssociaci\u00f3 ARA I SEMPRE\t\t\t\t\t\t<\/a>\n\t\t\t\t\t<\/div>\n\t\t\t\t\t<time class=\"carousel-slider__post-publication-date\" datetime=\"2026-07-29T18:02:17+00:00\">\n\t\t\t\t\t\tjuliol 29, 2026\t\t\t\t\t<\/time>\n\t\t\t\t<\/div>\n\t\t\t<\/div>\n\t\t\t\t\t\t\t<div class=\"carousel-slider__post-category\">\n\t\t\t\t\t<a class=\"carousel-slider__post-category-link\" href=\"https:\/\/araisemprecultura.cat\/index.php\/category\/noticies\/\">\n\t\t\t\t\t\tNot\u00edcies\t\t\t\t\t<\/a>\n\t\t\t\t<\/div>\n\t\t\t\t\t<\/footer>\n\t<\/div>\n<\/div>\n<\/div><!-- .carousel-slider-724 -->\n<\/div><!-- .carousel-slider-outer-724 -->\n<\/div>\t\t<\/div>\n\t\t\t\t<\/div>\n\t\t\t\t\t<\/div>\n\t\t<\/div>\n\t\t\t\t<div class=\"elementor-column elementor-col-33 elementor-inner-column elementor-element elementor-element-9c6b346\" data-id=\"9c6b346\" data-element_type=\"column\">\n\t\t\t<div class=\"elementor-widget-wrap elementor-element-populated\">\n\t\t\t\t\t\t<div class=\"elementor-element elementor-element-ea02e90 elementor-widget elementor-widget-heading\" data-id=\"ea02e90\" data-element_type=\"widget\" data-widget_type=\"heading.default\">\n\t\t\t\t<div class=\"elementor-widget-container\">\n\t\t\t<h3 class=\"elementor-heading-title elementor-size-default\">Esdeveniments<\/h3>\t\t<\/div>\n\t\t\t\t<\/div>\n\t\t\t\t<div class=\"elementor-element elementor-element-2f9e831 elementor-widget__width-initial elementor-widget elementor-widget-carousel-slider-elementor\" data-id=\"2f9e831\" data-element_type=\"widget\" data-widget_type=\"carousel-slider-elementor.default\">\n\t\t\t\t<div class=\"elementor-widget-container\">\n\t\t\t<div class=\"carousel-slider-elementor-widget\"><div class=\"carousel-slider-outer carousel-slider-outer-post-carousel carousel-slider-outer-841\" style=\"--carousel-slider-nav-color:#f1f1f1;--carousel-slider-active-nav-color:#00d1b2;--carousel-slider-arrow-size:48px;--carousel-slider-bullet-size:10px\">\n<div id=\"&apos;id-841\" class=\"carousel-slider carousel-slider-841 arrows-visibility-hover dots-visibility-never arrows-outside dots-center dots-circle owl-carousel\" data-slide-type=\"post-carousel\" data-owl-settings=\"{&quot;nav&quot;:true,&quot;dots&quot;:false,&quot;slideBy&quot;:1,&quot;stagePadding&quot;:0,&quot;margin&quot;:10,&quot;loop&quot;:true,&quot;lazyLoad&quot;:true,&quot;autoplay&quot;:true,&quot;autoplayTimeout&quot;:5000,&quot;autoplaySpeed&quot;:500,&quot;autoplayHoverPause&quot;:true,&quot;autoWidth&quot;:false,&quot;items&quot;:1}\">\n<div class=\"carousel-slider__post\">\n\t<div class=\"carousel-slider__post-content\">\n\t\t<div class=\"carousel-slider__post-header\">\n\t\t\t<a class=\"carousel-slider__post-image\" href=\"https:\/\/araisemprecultura.cat\/index.php\/colonies-bastoneres-infantils-de-catalunya-2026\/noticies\/araisempre\/\" style=\"background-image: url(https:\/\/araisemprecultura.cat\/wp-content\/uploads\/2025\/11\/Cartell-1-Colonies-Bastoneres-Infantils-de-Catalunya-2026.jpeg)\"><\/a>\t\t\t<a class=\"carousel-slider__post-title\" href=\"https:\/\/araisemprecultura.cat\/index.php\/colonies-bastoneres-infantils-de-catalunya-2026\/noticies\/araisempre\/\">\n\t\t\t\t<h2>Col\u00f2nies Bastoneres Infantils de Catalunya 2026<\/h2>\n\t\t\t<\/a>\n\t\t<\/div>\n\t\t<div class=\"carousel-slider__post-excerpt\">\n\t\t\tEnguany viurem una experi\u00e8ncia inoblidable del\u00a030 d\u2019abril al 3 de maig\u00a0a la casa de col\u00f2nies\u00a0El Pinar (El Garraf).\u00a0L\u2019activitat est\u00e0 adre\u00e7ada ...\t\t<\/div>\n\t\t<footer class=\"carousel-slider__post-meta\">\n\t\t\t<div class=\"carousel-slider__post-publication-meta\">\n\t\t\t\t<div class=\"carousel-slider__post-details-info\">\n\t\t\t\t\t<div class=\"carousel-slider__post-author\">\n\t\t\t\t\t\t<a class=\"carousel-slider__post-author-link\" href=\"https:\/\/araisemprecultura.cat\/index.php\/author\/araisempre\/\">\n\t\t\t\t\t\t\tAssociaci\u00f3 ARA I SEMPRE\t\t\t\t\t\t<\/a>\n\t\t\t\t\t<\/div>\n\t\t\t\t\t<time class=\"carousel-slider__post-publication-date\" datetime=\"2026-03-22T18:51:42+00:00\">\n\t\t\t\t\t\tmar\u00e7 22, 2026\t\t\t\t\t<\/time>\n\t\t\t\t<\/div>\n\t\t\t<\/div>\n\t\t\t\t\t\t\t<div class=\"carousel-slider__post-category\">\n\t\t\t\t\t<a class=\"carousel-slider__post-category-link\" href=\"https:\/\/araisemprecultura.cat\/index.php\/category\/noticies\/\">\n\t\t\t\t\t\tNot\u00edcies\t\t\t\t\t<\/a>\n\t\t\t\t<\/div>\n\t\t\t\t\t<\/footer>\n\t<\/div>\n<\/div>\n<div class=\"carousel-slider__post\">\n\t<div class=\"carousel-slider__post-content\">\n\t\t<div class=\"carousel-slider__post-header\">\n\t\t\t<a href=\"https:\/\/araisemprecultura.cat\/index.php\/video-trobada-nacional-de-ball-de-pastorets-de-catalunya-2025\/noticies\/araisempre\/\" class=\"carousel-slider__post-image\"><\/a>\t\t\t<a class=\"carousel-slider__post-title\" href=\"https:\/\/araisemprecultura.cat\/index.php\/video-trobada-nacional-de-ball-de-pastorets-de-catalunya-2025\/noticies\/araisempre\/\">\n\t\t\t\t<h2>[V\u00cdDEO] Trobada Nacional de Ball de Pastorets de Catalunya 2025<\/h2>\n\t\t\t<\/a>\n\t\t<\/div>\n\t\t<div class=\"carousel-slider__post-excerpt\">\n\t\t\tEl 12 de gener de 2025 celebrarem la Trobada Nacional de Ball de Pastorets de Catalunya, per primer cop a ...\t\t<\/div>\n\t\t<footer class=\"carousel-slider__post-meta\">\n\t\t\t<div class=\"carousel-slider__post-publication-meta\">\n\t\t\t\t<div class=\"carousel-slider__post-details-info\">\n\t\t\t\t\t<div class=\"carousel-slider__post-author\">\n\t\t\t\t\t\t<a class=\"carousel-slider__post-author-link\" href=\"https:\/\/araisemprecultura.cat\/index.php\/author\/araisempre\/\">\n\t\t\t\t\t\t\tAssociaci\u00f3 ARA I SEMPRE\t\t\t\t\t\t<\/a>\n\t\t\t\t\t<\/div>\n\t\t\t\t\t<time class=\"carousel-slider__post-publication-date\" datetime=\"2025-08-24T16:14:13+00:00\">\n\t\t\t\t\t\tagost 24, 2025\t\t\t\t\t<\/time>\n\t\t\t\t<\/div>\n\t\t\t<\/div>\n\t\t\t\t\t\t\t<div class=\"carousel-slider__post-category\">\n\t\t\t\t\t<a class=\"carousel-slider__post-category-link\" href=\"https:\/\/araisemprecultura.cat\/index.php\/category\/noticies\/\">\n\t\t\t\t\t\tNot\u00edcies\t\t\t\t\t<\/a>\n\t\t\t\t<\/div>\n\t\t\t\t\t<\/footer>\n\t<\/div>\n<\/div>\n<div class=\"carousel-slider__post\">\n\t<div class=\"carousel-slider__post-content\">\n\t\t<div class=\"carousel-slider__post-header\">\n\t\t\t<a class=\"carousel-slider__post-image\" href=\"https:\/\/araisemprecultura.cat\/index.php\/colonies-bastoneres-infantils-de-catalunya-2025\/noticies\/araisempre\/\" style=\"background-image: url(https:\/\/araisemprecultura.cat\/wp-content\/uploads\/2025\/02\/3a-colonies-bastoneres-infantils-de-Catalunya_page-0001-1-e1738784241912.jpg)\"><\/a>\t\t\t<a class=\"carousel-slider__post-title\" href=\"https:\/\/araisemprecultura.cat\/index.php\/colonies-bastoneres-infantils-de-catalunya-2025\/noticies\/araisempre\/\">\n\t\t\t\t<h2>Col\u00f2nies Bastoneres Infantils de Catalunya 2025<\/h2>\n\t\t\t<\/a>\n\t\t<\/div>\n\t\t<div class=\"carousel-slider__post-excerpt\">\n\t\t\tEl Projecte Proposem un cap de setmana llarg per descobrir i ampliar el m\u00f3n bastoner als ulls dels m\u00e9s menuts ...\t\t<\/div>\n\t\t<footer class=\"carousel-slider__post-meta\">\n\t\t\t<div class=\"carousel-slider__post-publication-meta\">\n\t\t\t\t<div class=\"carousel-slider__post-details-info\">\n\t\t\t\t\t<div class=\"carousel-slider__post-author\">\n\t\t\t\t\t\t<a class=\"carousel-slider__post-author-link\" href=\"https:\/\/araisemprecultura.cat\/index.php\/author\/araisempre\/\">\n\t\t\t\t\t\t\tAssociaci\u00f3 ARA I SEMPRE\t\t\t\t\t\t<\/a>\n\t\t\t\t\t<\/div>\n\t\t\t\t\t<time class=\"carousel-slider__post-publication-date\" datetime=\"2025-02-05T19:48:26+00:00\">\n\t\t\t\t\t\tfebrer 5, 2025\t\t\t\t\t<\/time>\n\t\t\t\t<\/div>\n\t\t\t<\/div>\n\t\t\t\t\t\t\t<div class=\"carousel-slider__post-category\">\n\t\t\t\t\t<a class=\"carousel-slider__post-category-link\" href=\"https:\/\/araisemprecultura.cat\/index.php\/category\/noticies\/\">\n\t\t\t\t\t\tNot\u00edcies\t\t\t\t\t<\/a>\n\t\t\t\t<\/div>\n\t\t\t\t\t<\/footer>\n\t<\/div>\n<\/div>\n<\/div><!-- .carousel-slider-841 -->\n<\/div><!-- .carousel-slider-outer-841 -->\n<\/div>\t\t<\/div>\n\t\t\t\t<\/div>\n\t\t\t\t\t<\/div>\n\t\t<\/div>\n\t\t\t\t<div class=\"elementor-column elementor-col-33 elementor-inner-column elementor-element elementor-element-1b7214a\" data-id=\"1b7214a\" data-element_type=\"column\">\n\t\t\t<div class=\"elementor-widget-wrap elementor-element-populated\">\n\t\t\t\t\t\t<div class=\"elementor-element elementor-element-0c05da3 elementor-widget elementor-widget-heading\" data-id=\"0c05da3\" data-element_type=\"widget\" data-widget_type=\"heading.default\">\n\t\t\t\t<div class=\"elementor-widget-container\">\n\t\t\t<h3 class=\"elementor-heading-title elementor-size-default\">Subvencions<\/h3>\t\t<\/div>\n\t\t\t\t<\/div>\n\t\t\t\t<div class=\"elementor-element elementor-element-edbad19 elementor-widget__width-initial elementor-widget elementor-widget-carousel-slider-elementor\" data-id=\"edbad19\" data-element_type=\"widget\" data-widget_type=\"carousel-slider-elementor.default\">\n\t\t\t\t<div class=\"elementor-widget-container\">\n\t\t\t<div class=\"carousel-slider-elementor-widget\"><div class=\"carousel-slider-outer carousel-slider-outer-post-carousel carousel-slider-outer-842\" style=\"--carousel-slider-nav-color:#f1f1f1;--carousel-slider-active-nav-color:#00d1b2;--carousel-slider-arrow-size:48px;--carousel-slider-bullet-size:10px\">\n<div id=\"&apos;id-842\" class=\"carousel-slider carousel-slider-842 arrows-visibility-hover dots-visibility-never arrows-outside dots-center dots-circle owl-carousel\" data-slide-type=\"post-carousel\" data-owl-settings=\"{&quot;nav&quot;:true,&quot;dots&quot;:false,&quot;slideBy&quot;:1,&quot;stagePadding&quot;:0,&quot;margin&quot;:10,&quot;loop&quot;:true,&quot;lazyLoad&quot;:true,&quot;autoplay&quot;:true,&quot;autoplayTimeout&quot;:5000,&quot;autoplaySpeed&quot;:500,&quot;autoplayHoverPause&quot;:true,&quot;autoWidth&quot;:false,&quot;items&quot;:1}\">\n<div class=\"carousel-slider__post\">\n\t<div class=\"carousel-slider__post-content\">\n\t\t<div class=\"carousel-slider__post-header\">\n\t\t\t<a class=\"carousel-slider__post-image\" href=\"https:\/\/araisemprecultura.cat\/index.php\/la-cultura-popular-a-les-noves-generacions-diputacio-de-tarragona-segona-fase\/noticies\/araisempre\/\" style=\"background-image: url(https:\/\/araisemprecultura.cat\/wp-content\/uploads\/2024\/06\/Copia-de-Plantilla-6000x4000-5-scaled.jpg)\"><\/a>\t\t\t<a class=\"carousel-slider__post-title\" href=\"https:\/\/araisemprecultura.cat\/index.php\/la-cultura-popular-a-les-noves-generacions-diputacio-de-tarragona-segona-fase\/noticies\/araisempre\/\">\n\t\t\t\t<h2>La cultura popular a les noves generacions! &#8211; Diputaci\u00f3 de Tarragona [Segona fase]<\/h2>\n\t\t\t<\/a>\n\t\t<\/div>\n\t\t<div class=\"carousel-slider__post-excerpt\">\n\t\t\tAmb el tancament del curs 2024-2025, l\u2019Associaci\u00f3 ARA I SEMPRE obre una nova etapa dins el projecte\u00a0La cultura popular a ...\t\t<\/div>\n\t\t<footer class=\"carousel-slider__post-meta\">\n\t\t\t<div class=\"carousel-slider__post-publication-meta\">\n\t\t\t\t<div class=\"carousel-slider__post-details-info\">\n\t\t\t\t\t<div class=\"carousel-slider__post-author\">\n\t\t\t\t\t\t<a class=\"carousel-slider__post-author-link\" href=\"https:\/\/araisemprecultura.cat\/index.php\/author\/araisempre\/\">\n\t\t\t\t\t\t\tAssociaci\u00f3 ARA I SEMPRE\t\t\t\t\t\t<\/a>\n\t\t\t\t\t<\/div>\n\t\t\t\t\t<time class=\"carousel-slider__post-publication-date\" datetime=\"2025-10-13T07:50:46+00:00\">\n\t\t\t\t\t\toctubre 13, 2025\t\t\t\t\t<\/time>\n\t\t\t\t<\/div>\n\t\t\t<\/div>\n\t\t\t\t\t\t\t<div class=\"carousel-slider__post-category\">\n\t\t\t\t\t<a class=\"carousel-slider__post-category-link\" href=\"https:\/\/araisemprecultura.cat\/index.php\/category\/noticies\/\">\n\t\t\t\t\t\tNot\u00edcies\t\t\t\t\t<\/a>\n\t\t\t\t<\/div>\n\t\t\t\t\t<\/footer>\n\t<\/div>\n<\/div>\n<div class=\"carousel-slider__post\">\n\t<div class=\"carousel-slider__post-content\">\n\t\t<div class=\"carousel-slider__post-header\">\n\t\t\t<a class=\"carousel-slider__post-image\" href=\"https:\/\/araisemprecultura.cat\/index.php\/la-cultura-popular-a-les-noves-generacions-diputacio-de-tarragona-avancem\/noticies\/araisempre\/\" style=\"background-image: url(https:\/\/araisemprecultura.cat\/wp-content\/uploads\/2024\/06\/Copia-de-Plantilla-6000x4000-5-scaled.jpg)\"><\/a>\t\t\t<a class=\"carousel-slider__post-title\" href=\"https:\/\/araisemprecultura.cat\/index.php\/la-cultura-popular-a-les-noves-generacions-diputacio-de-tarragona-avancem\/noticies\/araisempre\/\">\n\t\t\t\t<h2>La cultura popular a les noves generacions! &#8211; Diputaci\u00f3 de Tarragona [Avancem]<\/h2>\n\t\t\t<\/a>\n\t\t<\/div>\n\t\t<div class=\"carousel-slider__post-excerpt\">\n\t\t\tEls nous materials de cultura popular ja arriben a les escoles i tallers d\u2019ARA I SEMPRE A mesura que anem ...\t\t<\/div>\n\t\t<footer class=\"carousel-slider__post-meta\">\n\t\t\t<div class=\"carousel-slider__post-publication-meta\">\n\t\t\t\t<div class=\"carousel-slider__post-details-info\">\n\t\t\t\t\t<div class=\"carousel-slider__post-author\">\n\t\t\t\t\t\t<a class=\"carousel-slider__post-author-link\" href=\"https:\/\/araisemprecultura.cat\/index.php\/author\/araisempre\/\">\n\t\t\t\t\t\t\tAssociaci\u00f3 ARA I SEMPRE\t\t\t\t\t\t<\/a>\n\t\t\t\t\t<\/div>\n\t\t\t\t\t<time class=\"carousel-slider__post-publication-date\" datetime=\"2025-10-13T07:49:04+00:00\">\n\t\t\t\t\t\toctubre 13, 2025\t\t\t\t\t<\/time>\n\t\t\t\t<\/div>\n\t\t\t<\/div>\n\t\t\t\t\t\t\t<div class=\"carousel-slider__post-category\">\n\t\t\t\t\t<a class=\"carousel-slider__post-category-link\" href=\"https:\/\/araisemprecultura.cat\/index.php\/category\/noticies\/\">\n\t\t\t\t\t\tNot\u00edcies\t\t\t\t\t<\/a>\n\t\t\t\t<\/div>\n\t\t\t\t\t<\/footer>\n\t<\/div>\n<\/div>\n<div class=\"carousel-slider__post\">\n\t<div class=\"carousel-slider__post-content\">\n\t\t<div class=\"carousel-slider__post-header\">\n\t\t\t<a class=\"carousel-slider__post-image\" href=\"https:\/\/araisemprecultura.cat\/index.php\/la-cultura-popular-a-les-noves-generacions-diputacio-de-tarragona-resolucio\/noticies\/araisempre\/\" style=\"background-image: url(https:\/\/araisemprecultura.cat\/wp-content\/uploads\/2024\/06\/Copia-de-Plantilla-6000x4000-5-scaled.jpg)\"><\/a>\t\t\t<a class=\"carousel-slider__post-title\" href=\"https:\/\/araisemprecultura.cat\/index.php\/la-cultura-popular-a-les-noves-generacions-diputacio-de-tarragona-resolucio\/noticies\/araisempre\/\">\n\t\t\t\t<h2>La cultura popular a les noves generacions! &#8211; Diputaci\u00f3 de Tarragona [Resoluci\u00f3]<\/h2>\n\t\t\t<\/a>\n\t\t<\/div>\n\t\t<div class=\"carousel-slider__post-excerpt\">\n\t\t\tLa Diputaci\u00f3 de Tarragona ha resolt favorablement la subvenci\u00f3 presentada per l\u2019Associaci\u00f3 ARA I SEMPRE per al projecte\u00a0La cultura popular ...\t\t<\/div>\n\t\t<footer class=\"carousel-slider__post-meta\">\n\t\t\t<div class=\"carousel-slider__post-publication-meta\">\n\t\t\t\t<div class=\"carousel-slider__post-details-info\">\n\t\t\t\t\t<div class=\"carousel-slider__post-author\">\n\t\t\t\t\t\t<a class=\"carousel-slider__post-author-link\" href=\"https:\/\/araisemprecultura.cat\/index.php\/author\/araisempre\/\">\n\t\t\t\t\t\t\tAssociaci\u00f3 ARA I SEMPRE\t\t\t\t\t\t<\/a>\n\t\t\t\t\t<\/div>\n\t\t\t\t\t<time class=\"carousel-slider__post-publication-date\" datetime=\"2025-10-13T07:46:39+00:00\">\n\t\t\t\t\t\toctubre 13, 2025\t\t\t\t\t<\/time>\n\t\t\t\t<\/div>\n\t\t\t<\/div>\n\t\t\t\t\t\t\t<div class=\"carousel-slider__post-category\">\n\t\t\t\t\t<a class=\"carousel-slider__post-category-link\" href=\"https:\/\/araisemprecultura.cat\/index.php\/category\/noticies\/\">\n\t\t\t\t\t\tNot\u00edcies\t\t\t\t\t<\/a>\n\t\t\t\t<\/div>\n\t\t\t\t\t<\/footer>\n\t<\/div>\n<\/div>\n<\/div><!-- .carousel-slider-842 -->\n<\/div><!-- .carousel-slider-outer-842 -->\n<\/div>\t\t<\/div>\n\t\t\t\t<\/div>\n\t\t\t\t\t<\/div>\n\t\t<\/div>\n\t\t\t\t\t<\/div>\n\t\t<\/section>\n\t\t\t\t\t<\/div>\n\t\t<\/div>\n\t\t\t\t\t<\/div>\n\t\t<\/section>\n\t\t\t\t<section class=\"elementor-section elementor-top-section elementor-element elementor-element-23cd43d elementor-section-stretched elementor-section-boxed elementor-section-height-default elementor-section-height-default\" data-id=\"23cd43d\" data-element_type=\"section\" data-settings=\"{&quot;stretch_section&quot;:&quot;section-stretched&quot;,&quot;shape_divider_top&quot;:&quot;tilt&quot;,&quot;shape_divider_bottom&quot;:&quot;tilt&quot;,&quot;_ha_eqh_enable&quot;:false}\">\n\t\t\t\t\t\t\t<div class=\"elementor-background-overlay\"><\/div>\n\t\t\t\t\t\t<div class=\"elementor-shape elementor-shape-top\" data-negative=\"false\">\n\t\t\t<svg xmlns=\"http:\/\/www.w3.org\/2000\/svg\" viewBox=\"0 0 1000 100\" preserveAspectRatio=\"none\">\n\t<path class=\"elementor-shape-fill\" d=\"M0,6V0h1000v100L0,6z\"\/>\n<\/svg>\t\t<\/div>\n\t\t\t\t<div class=\"elementor-shape elementor-shape-bottom\" data-negative=\"false\">\n\t\t\t<svg xmlns=\"http:\/\/www.w3.org\/2000\/svg\" viewBox=\"0 0 1000 100\" preserveAspectRatio=\"none\">\n\t<path class=\"elementor-shape-fill\" d=\"M0,6V0h1000v100L0,6z\"\/>\n<\/svg>\t\t<\/div>\n\t\t\t\t\t<div class=\"elementor-container elementor-column-gap-default\">\n\t\t\t\t\t<div class=\"elementor-column elementor-col-100 elementor-top-column elementor-element elementor-element-54f7a52\" data-id=\"54f7a52\" data-element_type=\"column\">\n\t\t\t<div class=\"elementor-widget-wrap elementor-element-populated\">\n\t\t\t\t\t\t<div class=\"elementor-element elementor-element-2fedd1f elementor-widget elementor-widget-heading\" data-id=\"2fedd1f\" data-element_type=\"widget\" data-widget_type=\"heading.default\">\n\t\t\t\t<div class=\"elementor-widget-container\">\n\t\t\t<h2 class=\"elementor-heading-title elementor-size-default\">Blog i not\u00edcies<\/h2>\t\t<\/div>\n\t\t\t\t<\/div>\n\t\t\t\t<div class=\"elementor-element elementor-element-12b4ac8 elementor-widget-divider--view-line elementor-widget elementor-widget-divider\" data-id=\"12b4ac8\" data-element_type=\"widget\" data-widget_type=\"divider.default\">\n\t\t\t\t<div class=\"elementor-widget-container\">\n\t\t\t\t\t<div class=\"elementor-divider\">\n\t\t\t<span class=\"elementor-divider-separator\">\n\t\t\t\t\t\t<\/span>\n\t\t<\/div>\n\t\t\t\t<\/div>\n\t\t\t\t<\/div>\n\t\t\t\t<div class=\"elementor-element elementor-element-d4c967d elementor-widget elementor-widget-text-editor\" data-id=\"d4c967d\" data-element_type=\"widget\" data-widget_type=\"text-editor.default\">\n\t\t\t\t<div class=\"elementor-widget-container\">\n\t\t\t\t\t\t\t<p style=\"text-align: justify;\">Benvingudes i benvinguts al nostre servei de not\u00edcies en l\u00ednia, on mantenim a la nostra audi\u00e8ncia informada sobre els esdeveniments m\u00e9s destacats a nivell local i nacional. A continuaci\u00f3, presentem un resum de les darreres not\u00edcies.<\/p>\t\t\t\t\t\t<\/div>\n\t\t\t\t<\/div>\n\t\t\t\t<div class=\"elementor-element elementor-element-05bdf55 elementor-grid-eael-col-4 elementor-grid-tablet-eael-col-2 elementor-grid-mobile-eael-col-1 elementor-widget elementor-widget-eael-post-grid\" data-id=\"05bdf55\" data-element_type=\"widget\" data-settings=\"{&quot;eael_post_grid_columns&quot;:&quot;eael-col-4&quot;,&quot;eael_post_grid_columns_tablet&quot;:&quot;eael-col-2&quot;,&quot;eael_post_grid_columns_mobile&quot;:&quot;eael-col-1&quot;}\" data-widget_type=\"eael-post-grid.default\">\n\t\t\t\t<div class=\"elementor-widget-container\">\n\t\t\t<div id=\"eael-post-grid-05bdf55\" class=\"eael-post-grid-container\">\n            <div class=\"eael-post-grid eael-post-appender eael-post-appender-05bdf55 eael-post-grid-style-default\" data-layout-mode=\"masonry\"><article class=\"eael-grid-post eael-post-grid-column\" data-id=\"11151\">\n        <div class=\"eael-grid-post-holder\">\n            <div class=\"eael-grid-post-holder-inner\"><div class=\"eael-entry-media\"><div class=\"eael-entry-overlay fade-in\"><i class=\"fas fa-long-arrow-alt-right\" aria-hidden=\"true\"><\/i><a href=\"https:\/\/araisemprecultura.cat\/index.php\/sant-andreu-porta-la-cultura-popular-a-la-festa-major-del-baell\/noticies\/araisempre\/\"><\/a><\/div><div class=\"eael-entry-thumbnail \">\n                <img loading=\"lazy\" decoding=\"async\" width=\"300\" height=\"225\" src=\"https:\/\/araisemprecultura.cat\/wp-content\/uploads\/2026\/08\/IMG_9199-300x225.jpg\" class=\"attachment-medium size-medium wp-image-11136\" alt=\"\" srcset=\"https:\/\/araisemprecultura.cat\/wp-content\/uploads\/2026\/08\/IMG_9199-300x225.jpg 300w, https:\/\/araisemprecultura.cat\/wp-content\/uploads\/2026\/08\/IMG_9199-1024x768.jpg 1024w, https:\/\/araisemprecultura.cat\/wp-content\/uploads\/2026\/08\/IMG_9199-768x576.jpg 768w, https:\/\/araisemprecultura.cat\/wp-content\/uploads\/2026\/08\/IMG_9199-1536x1152.jpg 1536w, https:\/\/araisemprecultura.cat\/wp-content\/uploads\/2026\/08\/IMG_9199-2048x1536.jpg 2048w, https:\/\/araisemprecultura.cat\/wp-content\/uploads\/2026\/08\/IMG_9199-1200x900.jpg 1200w, https:\/\/araisemprecultura.cat\/wp-content\/uploads\/2026\/08\/IMG_9199-1980x1485.jpg 1980w\" sizes=\"(max-width: 300px) 100vw, 300px\" \/>\n            <\/div>\n        <\/div><div class=\"eael-entry-wrapper\"><header class=\"eael-entry-header\"><h2 class=\"eael-entry-title\"><a\n                        class=\"eael-grid-post-link\"\n                        href=\"https:\/\/araisemprecultura.cat\/index.php\/sant-andreu-porta-la-cultura-popular-a-la-festa-major-del-baell\/noticies\/araisempre\/\"\n                        title=\"Sant Andreu porta la cultura popular a la Festa Major del Baell\">Sant Andreu porta la cultura popular a la Festa Major del Baell<\/a><\/h2><\/header><div class=\"eael-entry-content\">\n                        <div class=\"eael-grid-post-excerpt\"><p>23 d&#8217;agost de 2026 El Ball de Bastons de Sant...<\/p><a\n                            href=\"https:\/\/araisemprecultura.cat\/index.php\/sant-andreu-porta-la-cultura-popular-a-la-festa-major-del-baell\/noticies\/araisempre\/\"\n                            class=\"eael-post-elements-readmore-btn\">Read More<\/a><\/div>\n                    <\/div><div class=\"eael-entry-footer\"><div class=\"eael-author-avatar\"><a href=\"https:\/\/araisemprecultura.cat\/index.php\/author\/araisempre\/\"><img alt='' src='https:\/\/secure.gravatar.com\/avatar\/79119cae4235670f2cf10d32f7e31d7e8ddcdc1f4fa0a59abe7d167411092c01?s=96&#038;r=g' srcset='https:\/\/secure.gravatar.com\/avatar\/79119cae4235670f2cf10d32f7e31d7e8ddcdc1f4fa0a59abe7d167411092c01?s=192&#038;r=g 2x' class='avatar avatar-96 photo' height='96' width='96' \/><\/a><\/div><div class=\"eael-entry-meta\"><span class=\"eael-posted-by\"><a href=\"https:\/\/araisemprecultura.cat\/index.php\/author\/araisempre\/\" rel=\"author\">Associaci\u00f3 ARA I SEMPRE<\/a><\/span><span class=\"eael-posted-on\"><time datetime=\"agost 23, 2026\">agost 23, 2026<\/time><\/span><\/div><\/div><\/div><\/div>\n        <\/div>\n    <\/article><article class=\"eael-grid-post eael-post-grid-column\" data-id=\"11126\">\n        <div class=\"eael-grid-post-holder\">\n            <div class=\"eael-grid-post-holder-inner\"><div class=\"eael-entry-media\"><div class=\"eael-entry-overlay fade-in\"><i class=\"fas fa-long-arrow-alt-right\" aria-hidden=\"true\"><\/i><a href=\"https:\/\/araisemprecultura.cat\/index.php\/el-ball-de-bastons-planta-una-llavor-a-oslo\/noticies\/araisempre\/\"><\/a><\/div><div class=\"eael-entry-thumbnail \">\n                <img loading=\"lazy\" decoding=\"async\" width=\"300\" height=\"200\" src=\"https:\/\/araisemprecultura.cat\/wp-content\/uploads\/2026\/08\/DSC03325-300x200.jpg\" class=\"attachment-medium size-medium wp-image-11102\" alt=\"\" srcset=\"https:\/\/araisemprecultura.cat\/wp-content\/uploads\/2026\/08\/DSC03325-300x200.jpg 300w, https:\/\/araisemprecultura.cat\/wp-content\/uploads\/2026\/08\/DSC03325-1024x683.jpg 1024w, https:\/\/araisemprecultura.cat\/wp-content\/uploads\/2026\/08\/DSC03325-768x512.jpg 768w, https:\/\/araisemprecultura.cat\/wp-content\/uploads\/2026\/08\/DSC03325-1536x1024.jpg 1536w, https:\/\/araisemprecultura.cat\/wp-content\/uploads\/2026\/08\/DSC03325-2048x1365.jpg 2048w, https:\/\/araisemprecultura.cat\/wp-content\/uploads\/2026\/08\/DSC03325-1200x800.jpg 1200w, https:\/\/araisemprecultura.cat\/wp-content\/uploads\/2026\/08\/DSC03325-1980x1320.jpg 1980w\" sizes=\"(max-width: 300px) 100vw, 300px\" \/>\n            <\/div>\n        <\/div><div class=\"eael-entry-wrapper\"><header class=\"eael-entry-header\"><h2 class=\"eael-entry-title\"><a\n                        class=\"eael-grid-post-link\"\n                        href=\"https:\/\/araisemprecultura.cat\/index.php\/el-ball-de-bastons-planta-una-llavor-a-oslo\/noticies\/araisempre\/\"\n                        title=\"El Ball de Bastons planta una llavor a Oslo\">El Ball de Bastons planta una llavor a Oslo<\/a><\/h2><\/header><div class=\"eael-entry-content\">\n                        <div class=\"eael-grid-post-excerpt\"><p>20 d&#8217;agost de 2026 La Colla Bastonera Les Romanes \u2013...<\/p><a\n                            href=\"https:\/\/araisemprecultura.cat\/index.php\/el-ball-de-bastons-planta-una-llavor-a-oslo\/noticies\/araisempre\/\"\n                            class=\"eael-post-elements-readmore-btn\">Read More<\/a><\/div>\n                    <\/div><div class=\"eael-entry-footer\"><div class=\"eael-author-avatar\"><a href=\"https:\/\/araisemprecultura.cat\/index.php\/author\/araisempre\/\"><img alt='' src='https:\/\/secure.gravatar.com\/avatar\/79119cae4235670f2cf10d32f7e31d7e8ddcdc1f4fa0a59abe7d167411092c01?s=96&#038;r=g' srcset='https:\/\/secure.gravatar.com\/avatar\/79119cae4235670f2cf10d32f7e31d7e8ddcdc1f4fa0a59abe7d167411092c01?s=192&#038;r=g 2x' class='avatar avatar-96 photo' height='96' width='96' \/><\/a><\/div><div class=\"eael-entry-meta\"><span class=\"eael-posted-by\"><a href=\"https:\/\/araisemprecultura.cat\/index.php\/author\/araisempre\/\" rel=\"author\">Associaci\u00f3 ARA I SEMPRE<\/a><\/span><span class=\"eael-posted-on\"><time datetime=\"agost 20, 2026\">agost 20, 2026<\/time><\/span><\/div><\/div><\/div><\/div>\n        <\/div>\n    <\/article><article class=\"eael-grid-post eael-post-grid-column\" data-id=\"11077\">\n        <div class=\"eael-grid-post-holder\">\n            <div class=\"eael-grid-post-holder-inner\"><div class=\"eael-entry-media\"><div class=\"eael-entry-overlay fade-in\"><i class=\"fas fa-long-arrow-alt-right\" aria-hidden=\"true\"><\/i><a href=\"https:\/\/araisemprecultura.cat\/index.php\/les-romanes-i-el-ball-de-gitanes-celebren-la-festa-major-del-casc-antic-de-barbera\/noticies\/araisempre\/\"><\/a><\/div><div class=\"eael-entry-thumbnail \">\n                <img loading=\"lazy\" decoding=\"async\" width=\"300\" height=\"300\" src=\"https:\/\/araisemprecultura.cat\/wp-content\/uploads\/2026\/07\/\ud83d\udd1d-I-com-ja-es-tradicio-ARA-I-SEMPRE-acaba-el-juliol-amb-illusio.-Si-darrer-dissabte-de-juliol-1-300x300.jpg\" class=\"attachment-medium size-medium wp-image-11037\" alt=\"\" srcset=\"https:\/\/araisemprecultura.cat\/wp-content\/uploads\/2026\/07\/\ud83d\udd1d-I-com-ja-es-tradicio-ARA-I-SEMPRE-acaba-el-juliol-amb-illusio.-Si-darrer-dissabte-de-juliol-1-300x300.jpg 300w, https:\/\/araisemprecultura.cat\/wp-content\/uploads\/2026\/07\/\ud83d\udd1d-I-com-ja-es-tradicio-ARA-I-SEMPRE-acaba-el-juliol-amb-illusio.-Si-darrer-dissabte-de-juliol-1-1024x1024.jpg 1024w, https:\/\/araisemprecultura.cat\/wp-content\/uploads\/2026\/07\/\ud83d\udd1d-I-com-ja-es-tradicio-ARA-I-SEMPRE-acaba-el-juliol-amb-illusio.-Si-darrer-dissabte-de-juliol-1-150x150.jpg 150w, https:\/\/araisemprecultura.cat\/wp-content\/uploads\/2026\/07\/\ud83d\udd1d-I-com-ja-es-tradicio-ARA-I-SEMPRE-acaba-el-juliol-amb-illusio.-Si-darrer-dissabte-de-juliol-1-768x768.jpg 768w, https:\/\/araisemprecultura.cat\/wp-content\/uploads\/2026\/07\/\ud83d\udd1d-I-com-ja-es-tradicio-ARA-I-SEMPRE-acaba-el-juliol-amb-illusio.-Si-darrer-dissabte-de-juliol-1.jpg 1170w\" sizes=\"(max-width: 300px) 100vw, 300px\" \/>\n            <\/div>\n        <\/div><div class=\"eael-entry-wrapper\"><header class=\"eael-entry-header\"><h2 class=\"eael-entry-title\"><a\n                        class=\"eael-grid-post-link\"\n                        href=\"https:\/\/araisemprecultura.cat\/index.php\/les-romanes-i-el-ball-de-gitanes-celebren-la-festa-major-del-casc-antic-de-barbera\/noticies\/araisempre\/\"\n                        title=\"Les Romanes i el Ball de Gitanes celebren la Festa Major del Casc Antic de Barber\u00e0\">Les Romanes i el Ball de Gitanes celebren la Festa Major del Casc Antic de Barber\u00e0<\/a><\/h2><\/header><div class=\"eael-entry-content\">\n                        <div class=\"eael-grid-post-excerpt\"><p>26 de juliol de 2026 La Colla Bastonera Les Romanes...<\/p><a\n                            href=\"https:\/\/araisemprecultura.cat\/index.php\/les-romanes-i-el-ball-de-gitanes-celebren-la-festa-major-del-casc-antic-de-barbera\/noticies\/araisempre\/\"\n                            class=\"eael-post-elements-readmore-btn\">Read More<\/a><\/div>\n                    <\/div><div class=\"eael-entry-footer\"><div class=\"eael-author-avatar\"><a href=\"https:\/\/araisemprecultura.cat\/index.php\/author\/araisempre\/\"><img alt='' src='https:\/\/secure.gravatar.com\/avatar\/79119cae4235670f2cf10d32f7e31d7e8ddcdc1f4fa0a59abe7d167411092c01?s=96&#038;r=g' srcset='https:\/\/secure.gravatar.com\/avatar\/79119cae4235670f2cf10d32f7e31d7e8ddcdc1f4fa0a59abe7d167411092c01?s=192&#038;r=g 2x' class='avatar avatar-96 photo' height='96' width='96' \/><\/a><\/div><div class=\"eael-entry-meta\"><span class=\"eael-posted-by\"><a href=\"https:\/\/araisemprecultura.cat\/index.php\/author\/araisempre\/\" rel=\"author\">Associaci\u00f3 ARA I SEMPRE<\/a><\/span><span class=\"eael-posted-on\"><time datetime=\"juliol 26, 2026\">juliol 26, 2026<\/time><\/span><\/div><\/div><\/div><\/div>\n        <\/div>\n    <\/article><article class=\"eael-grid-post eael-post-grid-column\" data-id=\"11074\">\n        <div class=\"eael-grid-post-holder\">\n            <div class=\"eael-grid-post-holder-inner\"><div class=\"eael-entry-media\"><div class=\"eael-entry-overlay fade-in\"><i class=\"fas fa-long-arrow-alt-right\" aria-hidden=\"true\"><\/i><a href=\"https:\/\/araisemprecultura.cat\/index.php\/ara-i-sempre-torna-a-la-trobada-bastonera-de-prats-de-llucanes\/noticies\/araisempre\/\"><\/a><\/div><div class=\"eael-entry-thumbnail \">\n                <img loading=\"lazy\" decoding=\"async\" width=\"300\" height=\"300\" src=\"https:\/\/araisemprecultura.cat\/wp-content\/uploads\/2026\/07\/\ud83d\udd1d-I-com-ja-es-tradicio-ARA-I-SEMPRE-acaba-el-juliol-amb-illusio.-Si-darrer-dissabte-de-juliol-300x300.jpg\" class=\"attachment-medium size-medium wp-image-11038\" alt=\"\" srcset=\"https:\/\/araisemprecultura.cat\/wp-content\/uploads\/2026\/07\/\ud83d\udd1d-I-com-ja-es-tradicio-ARA-I-SEMPRE-acaba-el-juliol-amb-illusio.-Si-darrer-dissabte-de-juliol-300x300.jpg 300w, https:\/\/araisemprecultura.cat\/wp-content\/uploads\/2026\/07\/\ud83d\udd1d-I-com-ja-es-tradicio-ARA-I-SEMPRE-acaba-el-juliol-amb-illusio.-Si-darrer-dissabte-de-juliol-1024x1024.jpg 1024w, https:\/\/araisemprecultura.cat\/wp-content\/uploads\/2026\/07\/\ud83d\udd1d-I-com-ja-es-tradicio-ARA-I-SEMPRE-acaba-el-juliol-amb-illusio.-Si-darrer-dissabte-de-juliol-150x150.jpg 150w, https:\/\/araisemprecultura.cat\/wp-content\/uploads\/2026\/07\/\ud83d\udd1d-I-com-ja-es-tradicio-ARA-I-SEMPRE-acaba-el-juliol-amb-illusio.-Si-darrer-dissabte-de-juliol-768x768.jpg 768w, https:\/\/araisemprecultura.cat\/wp-content\/uploads\/2026\/07\/\ud83d\udd1d-I-com-ja-es-tradicio-ARA-I-SEMPRE-acaba-el-juliol-amb-illusio.-Si-darrer-dissabte-de-juliol.jpg 1170w\" sizes=\"(max-width: 300px) 100vw, 300px\" \/>\n            <\/div>\n        <\/div><div class=\"eael-entry-wrapper\"><header class=\"eael-entry-header\"><h2 class=\"eael-entry-title\"><a\n                        class=\"eael-grid-post-link\"\n                        href=\"https:\/\/araisemprecultura.cat\/index.php\/ara-i-sempre-torna-a-la-trobada-bastonera-de-prats-de-llucanes\/noticies\/araisempre\/\"\n                        title=\"ARA I SEMPRE torna a la Trobada Bastonera de Prats de Llu\u00e7an\u00e8s\">ARA I SEMPRE torna a la Trobada Bastonera de Prats de Llu\u00e7an\u00e8s<\/a><\/h2><\/header><div class=\"eael-entry-content\">\n                        <div class=\"eael-grid-post-excerpt\"><p>26 de juliol de 2026 ARA I SEMPRE va tornar...<\/p><a\n                            href=\"https:\/\/araisemprecultura.cat\/index.php\/ara-i-sempre-torna-a-la-trobada-bastonera-de-prats-de-llucanes\/noticies\/araisempre\/\"\n                            class=\"eael-post-elements-readmore-btn\">Read More<\/a><\/div>\n                    <\/div><div class=\"eael-entry-footer\"><div class=\"eael-author-avatar\"><a href=\"https:\/\/araisemprecultura.cat\/index.php\/author\/araisempre\/\"><img alt='' src='https:\/\/secure.gravatar.com\/avatar\/79119cae4235670f2cf10d32f7e31d7e8ddcdc1f4fa0a59abe7d167411092c01?s=96&#038;r=g' srcset='https:\/\/secure.gravatar.com\/avatar\/79119cae4235670f2cf10d32f7e31d7e8ddcdc1f4fa0a59abe7d167411092c01?s=192&#038;r=g 2x' class='avatar avatar-96 photo' height='96' width='96' \/><\/a><\/div><div class=\"eael-entry-meta\"><span class=\"eael-posted-by\"><a href=\"https:\/\/araisemprecultura.cat\/index.php\/author\/araisempre\/\" rel=\"author\">Associaci\u00f3 ARA I SEMPRE<\/a><\/span><span class=\"eael-posted-on\"><time datetime=\"juliol 26, 2026\">juliol 26, 2026<\/time><\/span><\/div><\/div><\/div><\/div>\n        <\/div>\n    <\/article><\/div>\n            <div class=\"clearfix\"><\/div>\n        <\/div>            <div class=\"eael-load-more-button-wrap eael-force-hide\">\n                <button class=\"eael-load-more-button\" id=\"eael-load-more-btn-05bdf55\" data-widget-id=\"05bdf55\" data-widget=\"05bdf55\" data-page-id=\"40\" data-template=\"{&quot;dir&quot;:&quot;lite&quot;,&quot;file_name&quot;:&quot;default.php&quot;,&quot;name&quot;:&quot;Post-Grid&quot;}\" data-class=\"Essential_Addons_Elementor\\Elements\\Post_Grid\" data-layout=\"masonry\" data-page=\"1\" data-args=\"orderby=date&amp;order=desc&amp;ignore_sticky_posts=1&amp;post_status=publish&amp;posts_per_page=4&amp;offset=0&amp;post_type=post\" data-max-page=\"146\">\n                    <span class=\"eael-btn-loader button__loader\"><\/span>\n                    <span class=\"eael_load_more_text\">Load More<\/span>\n                <\/button>\n            <\/div>\n            \t\t<\/div>\n\t\t\t\t<\/div>\n\t\t\t\t<div class=\"elementor-element elementor-element-94f32ea elementor-align-center elementor-widget elementor-widget-button\" data-id=\"94f32ea\" data-element_type=\"widget\" data-widget_type=\"button.default\">\n\t\t\t\t<div class=\"elementor-widget-container\">\n\t\t\t\t\t<div class=\"elementor-button-wrapper\">\n\t\t\t<a class=\"elementor-button elementor-button-link elementor-size-sm\" href=\"https:\/\/araisemprecultura.cat\/index.php\/noticies\/\">\n\t\t\t\t\t\t<span class=\"elementor-button-content-wrapper\">\n\t\t\t\t\t\t\t\t\t<span class=\"elementor-button-text\">Fes clic per saber m\u00e9s...<\/span>\n\t\t\t\t\t<\/span>\n\t\t\t\t\t<\/a>\n\t\t<\/div>\n\t\t\t\t<\/div>\n\t\t\t\t<\/div>\n\t\t\t\t\t<\/div>\n\t\t<\/div>\n\t\t\t\t\t<\/div>\n\t\t<\/section>\n\t\t\t\t<section class=\"elementor-section elementor-top-section elementor-element elementor-element-f7f219f elementor-section-stretched elementor-section-boxed elementor-section-height-default elementor-section-height-default\" data-id=\"f7f219f\" data-element_type=\"section\" data-settings=\"{&quot;stretch_section&quot;:&quot;section-stretched&quot;,&quot;shape_divider_top&quot;:&quot;tilt&quot;,&quot;shape_divider_bottom&quot;:&quot;tilt&quot;,&quot;_ha_eqh_enable&quot;:false}\">\n\t\t\t\t\t\t\t<div class=\"elementor-background-overlay\"><\/div>\n\t\t\t\t\t\t<div class=\"elementor-shape elementor-shape-top\" data-negative=\"false\">\n\t\t\t<svg xmlns=\"http:\/\/www.w3.org\/2000\/svg\" viewBox=\"0 0 1000 100\" preserveAspectRatio=\"none\">\n\t<path class=\"elementor-shape-fill\" d=\"M0,6V0h1000v100L0,6z\"\/>\n<\/svg>\t\t<\/div>\n\t\t\t\t<div class=\"elementor-shape elementor-shape-bottom\" data-negative=\"false\">\n\t\t\t<svg xmlns=\"http:\/\/www.w3.org\/2000\/svg\" viewBox=\"0 0 1000 100\" preserveAspectRatio=\"none\">\n\t<path class=\"elementor-shape-fill\" d=\"M0,6V0h1000v100L0,6z\"\/>\n<\/svg>\t\t<\/div>\n\t\t\t\t\t<div class=\"elementor-container elementor-column-gap-default\">\n\t\t\t\t\t<div class=\"elementor-column elementor-col-100 elementor-top-column elementor-element elementor-element-bcb1db8\" data-id=\"bcb1db8\" data-element_type=\"column\">\n\t\t\t<div class=\"elementor-widget-wrap elementor-element-populated\">\n\t\t\t\t\t\t<div class=\"elementor-element elementor-element-eaacab4 elementor-widget elementor-widget-heading\" data-id=\"eaacab4\" data-element_type=\"widget\" data-widget_type=\"heading.default\">\n\t\t\t\t<div class=\"elementor-widget-container\">\n\t\t\t<h1 class=\"elementor-heading-title elementor-size-xl\">Contacteu amb nosaltres<\/h1>\t\t<\/div>\n\t\t\t\t<\/div>\n\t\t\t\t<div class=\"elementor-element elementor-element-eb9bdb7 elementor-widget-divider--view-line elementor-widget elementor-widget-divider\" data-id=\"eb9bdb7\" data-element_type=\"widget\" data-widget_type=\"divider.default\">\n\t\t\t\t<div class=\"elementor-widget-container\">\n\t\t\t\t\t<div class=\"elementor-divider\">\n\t\t\t<span class=\"elementor-divider-separator\">\n\t\t\t\t\t\t<\/span>\n\t\t<\/div>\n\t\t\t\t<\/div>\n\t\t\t\t<\/div>\n\t\t\t\t<div class=\"elementor-element elementor-element-d7e161a elementor-widget-divider--view-line_icon elementor-view-default elementor-widget-divider--element-align-center elementor-widget elementor-widget-divider\" data-id=\"d7e161a\" data-element_type=\"widget\" data-widget_type=\"divider.default\">\n\t\t\t\t<div class=\"elementor-widget-container\">\n\t\t\t\t\t<div class=\"elementor-divider\">\n\t\t\t<span class=\"elementor-divider-separator\">\n\t\t\t\t\t\t\t<div class=\"elementor-icon elementor-divider__element\">\n\t\t\t\t\t<i aria-hidden=\"true\" class=\"hm hm-phone\"><\/i><\/div>\n\t\t\t\t\t\t<\/span>\n\t\t<\/div>\n\t\t\t\t<\/div>\n\t\t\t\t<\/div>\n\t\t\t\t<div class=\"elementor-element elementor-element-5524eed elementor-widget elementor-widget-heading\" data-id=\"5524eed\" data-element_type=\"widget\" data-widget_type=\"heading.default\">\n\t\t\t\t<div class=\"elementor-widget-container\">\n\t\t\t<h2 class=\"elementor-heading-title elementor-size-large\"><a href=\"https:\/\/wa.me\/655088688\">655 088 688<\/a><\/h2>\t\t<\/div>\n\t\t\t\t<\/div>\n\t\t\t\t<div class=\"elementor-element elementor-element-e02b0ac elementor-widget elementor-widget-spacer\" data-id=\"e02b0ac\" data-element_type=\"widget\" data-widget_type=\"spacer.default\">\n\t\t\t\t<div class=\"elementor-widget-container\">\n\t\t\t<style>\/*! elementor - v3.21.0 - 18-04-2024 *\/\n.elementor-column .elementor-spacer-inner{height:var(--spacer-size)}.e-con{--container-widget-width:100%}.e-con-inner>.elementor-widget-spacer,.e-con>.elementor-widget-spacer{width:var(--container-widget-width,var(--spacer-size));--align-self:var(--container-widget-align-self,initial);--flex-shrink:0}.e-con-inner>.elementor-widget-spacer>.elementor-widget-container,.e-con>.elementor-widget-spacer>.elementor-widget-container{height:100%;width:100%}.e-con-inner>.elementor-widget-spacer>.elementor-widget-container>.elementor-spacer,.e-con>.elementor-widget-spacer>.elementor-widget-container>.elementor-spacer{height:100%}.e-con-inner>.elementor-widget-spacer>.elementor-widget-container>.elementor-spacer>.elementor-spacer-inner,.e-con>.elementor-widget-spacer>.elementor-widget-container>.elementor-spacer>.elementor-spacer-inner{height:var(--container-widget-height,var(--spacer-size))}.e-con-inner>.elementor-widget-spacer.elementor-widget-empty,.e-con>.elementor-widget-spacer.elementor-widget-empty{position:relative;min-height:22px;min-width:22px}.e-con-inner>.elementor-widget-spacer.elementor-widget-empty .elementor-widget-empty-icon,.e-con>.elementor-widget-spacer.elementor-widget-empty .elementor-widget-empty-icon{position:absolute;top:0;bottom:0;left:0;right:0;margin:auto;padding:0;width:22px;height:22px}<\/style>\t\t<div class=\"elementor-spacer\">\n\t\t\t<div class=\"elementor-spacer-inner\"><\/div>\n\t\t<\/div>\n\t\t\t\t<\/div>\n\t\t\t\t<\/div>\n\t\t\t\t<div class=\"elementor-element elementor-element-3b733b1 elementor-widget-divider--view-line_icon elementor-view-default elementor-widget-divider--element-align-center elementor-widget elementor-widget-divider\" data-id=\"3b733b1\" data-element_type=\"widget\" data-widget_type=\"divider.default\">\n\t\t\t\t<div class=\"elementor-widget-container\">\n\t\t\t\t\t<div class=\"elementor-divider\">\n\t\t\t<span class=\"elementor-divider-separator\">\n\t\t\t\t\t\t\t<div class=\"elementor-icon elementor-divider__element\">\n\t\t\t\t\t<i aria-hidden=\"true\" class=\"hm hm-envelop\"><\/i><\/div>\n\t\t\t\t\t\t<\/span>\n\t\t<\/div>\n\t\t\t\t<\/div>\n\t\t\t\t<\/div>\n\t\t\t\t<div class=\"elementor-element elementor-element-9125a49 elementor-widget elementor-widget-heading\" data-id=\"9125a49\" data-element_type=\"widget\" data-widget_type=\"heading.default\">\n\t\t\t\t<div class=\"elementor-widget-container\">\n\t\t\t<h2 class=\"elementor-heading-title elementor-size-large\"><a href=\"mailto:araisemprecultura@gmail.com\">araisemprecultura@gmail.com<\/a><\/h2>\t\t<\/div>\n\t\t\t\t<\/div>\n\t\t\t\t\t<\/div>\n\t\t<\/div>\n\t\t\t\t\t<\/div>\n\t\t<\/section>\n\t\t\t\t<section class=\"elementor-section elementor-top-section elementor-element elementor-element-1762075 elementor-section-stretched elementor-section-boxed elementor-section-height-default elementor-section-height-default\" data-id=\"1762075\" data-element_type=\"section\" data-settings=\"{&quot;stretch_section&quot;:&quot;section-stretched&quot;,&quot;shape_divider_top&quot;:&quot;tilt&quot;,&quot;_ha_eqh_enable&quot;:false}\">\n\t\t\t\t\t\t\t<div class=\"elementor-background-overlay\"><\/div>\n\t\t\t\t\t\t<div class=\"elementor-shape elementor-shape-top\" data-negative=\"false\">\n\t\t\t<svg xmlns=\"http:\/\/www.w3.org\/2000\/svg\" viewBox=\"0 0 1000 100\" preserveAspectRatio=\"none\">\n\t<path class=\"elementor-shape-fill\" d=\"M0,6V0h1000v100L0,6z\"\/>\n<\/svg>\t\t<\/div>\n\t\t\t\t\t<div class=\"elementor-container elementor-column-gap-default\">\n\t\t\t\t\t<div class=\"elementor-column elementor-col-50 elementor-top-column elementor-element elementor-element-2b682ce\" data-id=\"2b682ce\" data-element_type=\"column\">\n\t\t\t<div class=\"elementor-widget-wrap elementor-element-populated\">\n\t\t\t\t\t\t<div class=\"elementor-element elementor-element-f7add0c animated-slow elementor-invisible elementor-widget elementor-widget-image\" data-id=\"f7add0c\" data-element_type=\"widget\" data-settings=\"{&quot;_animation&quot;:&quot;fadeInLeft&quot;}\" data-widget_type=\"image.default\">\n\t\t\t\t<div class=\"elementor-widget-container\">\n\t\t\t<style>\/*! elementor - v3.21.0 - 18-04-2024 *\/\n.elementor-widget-image{text-align:center}.elementor-widget-image a{display:inline-block}.elementor-widget-image a img[src$=\".svg\"]{width:48px}.elementor-widget-image img{vertical-align:middle;display:inline-block}<\/style>\t\t\t\t\t\t\t\t\t\t<img loading=\"lazy\" decoding=\"async\" width=\"580\" height=\"394\" src=\"https:\/\/araisemprecultura.cat\/wp-content\/uploads\/2022\/02\/ESQUERRA-Disseny-imatge-ara-i-sempre-PUZZLE-1024x695.png\" class=\"attachment-large size-large wp-image-122\" alt=\"\" srcset=\"https:\/\/araisemprecultura.cat\/wp-content\/uploads\/2022\/02\/ESQUERRA-Disseny-imatge-ara-i-sempre-PUZZLE-1024x695.png 1024w, https:\/\/araisemprecultura.cat\/wp-content\/uploads\/2022\/02\/ESQUERRA-Disseny-imatge-ara-i-sempre-PUZZLE-300x204.png 300w, https:\/\/araisemprecultura.cat\/wp-content\/uploads\/2022\/02\/ESQUERRA-Disseny-imatge-ara-i-sempre-PUZZLE-768x521.png 768w, https:\/\/araisemprecultura.cat\/wp-content\/uploads\/2022\/02\/ESQUERRA-Disseny-imatge-ara-i-sempre-PUZZLE-1536x1043.png 1536w, https:\/\/araisemprecultura.cat\/wp-content\/uploads\/2022\/02\/ESQUERRA-Disseny-imatge-ara-i-sempre-PUZZLE-2048x1390.png 2048w, https:\/\/araisemprecultura.cat\/wp-content\/uploads\/2022\/02\/ESQUERRA-Disseny-imatge-ara-i-sempre-PUZZLE-1200x815.png 1200w, https:\/\/araisemprecultura.cat\/wp-content\/uploads\/2022\/02\/ESQUERRA-Disseny-imatge-ara-i-sempre-PUZZLE-1980x1344.png 1980w\" sizes=\"(max-width: 580px) 100vw, 580px\" \/>\t\t\t\t\t\t\t\t\t\t\t\t\t<\/div>\n\t\t\t\t<\/div>\n\t\t\t\t\t<\/div>\n\t\t<\/div>\n\t\t\t\t<div class=\"elementor-column elementor-col-50 elementor-top-column elementor-element elementor-element-4186465\" data-id=\"4186465\" data-element_type=\"column\">\n\t\t\t<div class=\"elementor-widget-wrap elementor-element-populated\">\n\t\t\t\t\t\t<div class=\"elementor-element elementor-element-1b7422d animated-slow elementor-invisible elementor-widget elementor-widget-image\" data-id=\"1b7422d\" data-element_type=\"widget\" data-settings=\"{&quot;_animation&quot;:&quot;fadeInRight&quot;}\" data-widget_type=\"image.default\">\n\t\t\t\t<div class=\"elementor-widget-container\">\n\t\t\t\t\t\t\t\t\t\t\t\t\t<img loading=\"lazy\" decoding=\"async\" width=\"580\" height=\"285\" src=\"https:\/\/araisemprecultura.cat\/wp-content\/uploads\/2022\/02\/DRETA-Disseny-imatge-ara-i-sempre-PUZZLE-1024x503.png\" class=\"attachment-large size-large wp-image-123\" alt=\"\" srcset=\"https:\/\/araisemprecultura.cat\/wp-content\/uploads\/2022\/02\/DRETA-Disseny-imatge-ara-i-sempre-PUZZLE-1024x503.png 1024w, https:\/\/araisemprecultura.cat\/wp-content\/uploads\/2022\/02\/DRETA-Disseny-imatge-ara-i-sempre-PUZZLE-300x147.png 300w, https:\/\/araisemprecultura.cat\/wp-content\/uploads\/2022\/02\/DRETA-Disseny-imatge-ara-i-sempre-PUZZLE-768x377.png 768w, https:\/\/araisemprecultura.cat\/wp-content\/uploads\/2022\/02\/DRETA-Disseny-imatge-ara-i-sempre-PUZZLE-1536x754.png 1536w, https:\/\/araisemprecultura.cat\/wp-content\/uploads\/2022\/02\/DRETA-Disseny-imatge-ara-i-sempre-PUZZLE-2048x1005.png 2048w, https:\/\/araisemprecultura.cat\/wp-content\/uploads\/2022\/02\/DRETA-Disseny-imatge-ara-i-sempre-PUZZLE-1200x589.png 1200w, https:\/\/araisemprecultura.cat\/wp-content\/uploads\/2022\/02\/DRETA-Disseny-imatge-ara-i-sempre-PUZZLE-1980x972.png 1980w\" sizes=\"(max-width: 580px) 100vw, 580px\" \/>\t\t\t\t\t\t\t\t\t\t\t\t\t<\/div>\n\t\t\t\t<\/div>\n\t\t\t\t\t<\/div>\n\t\t<\/div>\n\t\t\t\t\t<\/div>\n\t\t<\/section>\n\t\t\t\t<section class=\"elementor-section elementor-top-section elementor-element elementor-element-d1df7ac elementor-section-stretched elementor-section-boxed elementor-section-height-default elementor-section-height-default\" data-id=\"d1df7ac\" data-element_type=\"section\" data-settings=\"{&quot;stretch_section&quot;:&quot;section-stretched&quot;,&quot;background_background&quot;:&quot;classic&quot;,&quot;_ha_eqh_enable&quot;:false}\">\n\t\t\t\t\t\t\t<div class=\"elementor-background-overlay\"><\/div>\n\t\t\t\t\t\t\t<div class=\"elementor-container elementor-column-gap-default\">\n\t\t\t\t\t<div class=\"elementor-column elementor-col-100 elementor-top-column elementor-element elementor-element-8c80f7d\" data-id=\"8c80f7d\" data-element_type=\"column\">\n\t\t\t<div class=\"elementor-widget-wrap elementor-element-populated\">\n\t\t\t\t\t\t<div class=\"elementor-element elementor-element-7c82eec elementor-align-center elementor-widget elementor-widget-button\" data-id=\"7c82eec\" data-element_type=\"widget\" data-widget_type=\"button.default\">\n\t\t\t\t<div class=\"elementor-widget-container\">\n\t\t\t\t\t<div class=\"elementor-button-wrapper\">\n\t\t\t<a class=\"elementor-button elementor-button-link elementor-size-sm\" href=\"https:\/\/araisemprecultura.cat\/index.php\/contacteu\/\">\n\t\t\t\t\t\t<span class=\"elementor-button-content-wrapper\">\n\t\t\t\t\t\t\t\t\t<span class=\"elementor-button-text\">Contacta amb nosaltres<\/span>\n\t\t\t\t\t<\/span>\n\t\t\t\t\t<\/a>\n\t\t<\/div>\n\t\t\t\t<\/div>\n\t\t\t\t<\/div>\n\t\t\t\t\t<\/div>\n\t\t<\/div>\n\t\t\t\t\t<\/div>\n\t\t<\/section>\n\t\t\t\t<section class=\"elementor-section elementor-top-section elementor-element elementor-element-7084308 elementor-section-boxed elementor-section-height-default elementor-section-height-default\" data-id=\"7084308\" data-element_type=\"section\" data-settings=\"{&quot;background_background&quot;:&quot;slideshow&quot;,&quot;background_slideshow_gallery&quot;:[{&quot;id&quot;:13,&quot;url&quot;:&quot;https:\\\/\\\/araisemprecultura.cat\\\/wp-content\\\/uploads\\\/2022\\\/02\\\/Disseny-imatge-ara-i-sempre-161.png&quot;},{&quot;id&quot;:2598,&quot;url&quot;:&quot;https:\\\/\\\/araisemprecultura.cat\\\/wp-content\\\/uploads\\\/2024\\\/01\\\/409188967_889458615921084_2790061959056231199_n.jpg&quot;},{&quot;id&quot;:2590,&quot;url&quot;:&quot;https:\\\/\\\/araisemprecultura.cat\\\/wp-content\\\/uploads\\\/2024\\\/01\\\/Laculturapopularnoesnipotseralienaalalluitaquesimbolitzairepresentael25denovembreDiaInternacionalperalEliminaciodelaViolenciaverslesDones.Prenempartitisomise-2.jpg&quot;},{&quot;id&quot;:2424,&quot;url&quot;:&quot;https:\\\/\\\/araisemprecultura.cat\\\/wp-content\\\/uploads\\\/2024\\\/01\\\/377745923_320322863840631_3172337512386510016_n.jpg&quot;},{&quot;id&quot;:2315,&quot;url&quot;:&quot;https:\\\/\\\/araisemprecultura.cat\\\/wp-content\\\/uploads\\\/2024\\\/01\\\/AvuiesundiaespecialperlaculturapopulardeBarberadelVallesaixicompelprojectequeARAISEMPRErepresentaonjovesacompanyadesiacompanyatsdesdelscentreseducatiusdemostren-2.jpg&quot;},{&quot;id&quot;:2690,&quot;url&quot;:&quot;https:\\\/\\\/araisemprecultura.cat\\\/wp-content\\\/uploads\\\/2024\\\/01\\\/ElcritESTIMACOMVULGUISressonavaambforcaahiralaPlacadelaViladeBarberadelVallesIesqueahir2dejuliolde2023espresentavaoficialmentelnou@balldegitanesdebdvqueconjuntamentambel@ba.jpg&quot;},{&quot;id&quot;:2377,&quot;url&quot;:&quot;https:\\\/\\\/araisemprecultura.cat\\\/wp-content\\\/uploads\\\/2024\\\/01\\\/364102861_1407096389847643_8226956567328630106_n.jpg&quot;},{&quot;id&quot;:1812,&quot;url&quot;:&quot;https:\\\/\\\/araisemprecultura.cat\\\/wp-content\\\/uploads\\\/2024\\\/01\\\/343576608_1042514006717889_6544329689150974523_n.jpg&quot;},{&quot;id&quot;:1819,&quot;url&quot;:&quot;https:\\\/\\\/araisemprecultura.cat\\\/wp-content\\\/uploads\\\/2024\\\/01\\\/Avuies29dabrilisabeuquesignificaBensenzillimagic-avuieselDiaInternacionaldelaDansaIquemillorpercelebraraquestdiaquefer-hototballantUnaPASSADApoderhavercompar-2.jpg&quot;}],&quot;background_slideshow_transition_duration&quot;:4000,&quot;background_slideshow_ken_burns&quot;:&quot;yes&quot;,&quot;background_slideshow_loop&quot;:&quot;yes&quot;,&quot;background_slideshow_slide_duration&quot;:5000,&quot;background_slideshow_slide_transition&quot;:&quot;fade&quot;,&quot;background_slideshow_ken_burns_zoom_direction&quot;:&quot;in&quot;,&quot;_ha_eqh_enable&quot;:false}\">\n\t\t\t\t\t\t\t<div class=\"elementor-background-overlay\"><\/div>\n\t\t\t\t\t\t\t<div class=\"elementor-container elementor-column-gap-default\">\n\t\t\t\t\t<div class=\"elementor-column elementor-col-100 elementor-top-column elementor-element elementor-element-6cf001c\" data-id=\"6cf001c\" data-element_type=\"column\" data-settings=\"{&quot;background_background&quot;:&quot;classic&quot;}\">\n\t\t\t<div class=\"elementor-widget-wrap elementor-element-populated\">\n\t\t\t\t\t\t<div class=\"elementor-element elementor-element-abb6707 animated-slow elementor-invisible elementor-widget elementor-widget-heading\" data-id=\"abb6707\" data-element_type=\"widget\" data-settings=\"{&quot;_animation&quot;:&quot;fadeInUp&quot;}\" data-widget_type=\"heading.default\">\n\t\t\t\t<div class=\"elementor-widget-container\">\n\t\t\t<h2 class=\"elementor-heading-title elementor-size-default\">Associaci\u00f3 ARA I SEMPRE per la difusi\u00f3 en el m\u00f3n educatiu de la cultura popular i tradicional de Catalunya<\/h2>\t\t<\/div>\n\t\t\t\t<\/div>\n\t\t\t\t<section class=\"elementor-section elementor-inner-section elementor-element elementor-element-3c8bbb9 elementor-section-boxed elementor-section-height-default elementor-section-height-default\" data-id=\"3c8bbb9\" data-element_type=\"section\" data-settings=\"{&quot;_ha_eqh_enable&quot;:false}\">\n\t\t\t\t\t\t<div class=\"elementor-container elementor-column-gap-default\">\n\t\t\t\t\t<div class=\"elementor-column elementor-col-50 elementor-inner-column elementor-element elementor-element-aa1c2af\" data-id=\"aa1c2af\" data-element_type=\"column\">\n\t\t\t<div class=\"elementor-widget-wrap elementor-element-populated\">\n\t\t\t\t\t\t<div class=\"elementor-element elementor-element-9230b14 elementor-invisible elementor-widget elementor-widget-text-editor\" data-id=\"9230b14\" data-element_type=\"widget\" data-settings=\"{&quot;_animation&quot;:&quot;fadeInLeft&quot;}\" data-widget_type=\"text-editor.default\">\n\t\t\t\t<div class=\"elementor-widget-container\">\n\t\t\t\t\t\t\t<h4>Entitat oberta, din\u00e0mica i amb vocaci\u00f3 de servei p\u00fablic<\/h4>\t\t\t\t\t\t<\/div>\n\t\t\t\t<\/div>\n\t\t\t\t\t<\/div>\n\t\t<\/div>\n\t\t\t\t<div class=\"elementor-column elementor-col-50 elementor-inner-column elementor-element elementor-element-c00839b\" data-id=\"c00839b\" data-element_type=\"column\">\n\t\t\t<div class=\"elementor-widget-wrap elementor-element-populated\">\n\t\t\t\t\t\t<div class=\"elementor-element elementor-element-7870de6 animated-slow elementor-invisible elementor-widget elementor-widget-image\" data-id=\"7870de6\" data-element_type=\"widget\" data-settings=\"{&quot;_animation&quot;:&quot;fadeInRight&quot;}\" data-widget_type=\"image.default\">\n\t\t\t\t<div class=\"elementor-widget-container\">\n\t\t\t\t\t\t\t\t\t\t\t\t\t<img loading=\"lazy\" decoding=\"async\" width=\"150\" height=\"150\" src=\"https:\/\/araisemprecultura.cat\/wp-content\/uploads\/2023\/11\/flag-catalonia-made-colorful-splashes-600nw-338531708_preview_rev_1-150x150.png\" class=\"attachment-thumbnail size-thumbnail wp-image-640\" alt=\"\" \/>\t\t\t\t\t\t\t\t\t\t\t\t\t<\/div>\n\t\t\t\t<\/div>\n\t\t\t\t\t<\/div>\n\t\t<\/div>\n\t\t\t\t\t<\/div>\n\t\t<\/section>\n\t\t\t\t<div class=\"elementor-element elementor-element-9dececb elementor-align-center elementor-widget elementor-widget-button\" data-id=\"9dececb\" data-element_type=\"widget\" data-widget_type=\"button.default\">\n\t\t\t\t<div class=\"elementor-widget-container\">\n\t\t\t\t\t<div class=\"elementor-button-wrapper\">\n\t\t\t<a class=\"elementor-button elementor-button-link elementor-size-sm\" href=\"https:\/\/araisemprecultura.cat\/index.php\/contacteu\/\">\n\t\t\t\t\t\t<span class=\"elementor-button-content-wrapper\">\n\t\t\t\t\t\t\t\t\t<span class=\"elementor-button-text\">Contacta amb nosaltres<\/span>\n\t\t\t\t\t<\/span>\n\t\t\t\t\t<\/a>\n\t\t<\/div>\n\t\t\t\t<\/div>\n\t\t\t\t<\/div>\n\t\t\t\t\t<\/div>\n\t\t<\/div>\n\t\t\t\t\t<\/div>\n\t\t<\/section>\n\t\t\t\t<section class=\"elementor-section elementor-top-section elementor-element elementor-element-740ab69 elementor-section-boxed elementor-section-height-default elementor-section-height-default\" data-id=\"740ab69\" data-element_type=\"section\" data-settings=\"{&quot;_ha_eqh_enable&quot;:false}\">\n\t\t\t\t\t\t<div class=\"elementor-container elementor-column-gap-default\">\n\t\t\t\t\t<div class=\"elementor-column elementor-col-100 elementor-top-column elementor-element elementor-element-7a4ec37\" data-id=\"7a4ec37\" data-element_type=\"column\">\n\t\t\t<div class=\"elementor-widget-wrap\">\n\t\t\t\t\t\t\t<\/div>\n\t\t<\/div>\n\t\t\t\t\t<\/div>\n\t\t<\/section>\n\t\t\t\t<\/div>\n\t\t","protected":false},"excerpt":{"rendered":"<p>NOT\u00cdCIES DESTACADES Exposici\u00f3 Virtual de la Cultura Popular &#8211; ARA I SEMPRE Neix l&#8217;exposici\u00f3 virtual de la Cultura Popular de Catalunya &#8211; ARA I SEMPRE! Ajuda&#8217;ns a fer-la m\u00e9s gran i completa! M\u00e9s informaci\u00f3 [Cr\u00f2nica] R\u00e8cord Mundial de Ball de Bastons Llegeix la nota de premsa associada a l&#8217;assoliment del doble R\u00e8cord Mundial de Ball [&hellip;]<\/p>\n","protected":false},"author":1,"featured_media":44,"parent":0,"menu_order":0,"comment_status":"closed","ping_status":"closed","template":"elementor_header_footer","meta":{"_acf_changed":false,"footnotes":""},"class_list":["post-40","page","type-page","status-publish","has-post-thumbnail","hentry"],"acf":[],"yoast_head":"<!-- This site is optimized with the Yoast SEO plugin v21.8 - https:\/\/yoast.com\/wordpress\/plugins\/seo\/ -->\n<title>Inici - ARA I SEMPRE<\/title>\n<meta name=\"robots\" content=\"index, follow, max-snippet:-1, max-image-preview:large, max-video-preview:-1\" \/>\n<link rel=\"canonical\" href=\"https:\/\/araisemprecultura.cat\/\" \/>\n<meta property=\"og:locale\" content=\"ca_ES\" \/>\n<meta property=\"og:type\" content=\"article\" \/>\n<meta property=\"og:title\" content=\"Inici - ARA I SEMPRE\" \/>\n<meta property=\"og:description\" content=\"NOT\u00cdCIES DESTACADES Exposici\u00f3 Virtual de la Cultura Popular &#8211; ARA I SEMPRE Neix l&#8217;exposici\u00f3 virtual de la Cultura Popular de Catalunya &#8211; ARA I SEMPRE! Ajuda&#8217;ns a fer-la m\u00e9s gran i completa! M\u00e9s informaci\u00f3 [Cr\u00f2nica] R\u00e8cord Mundial de Ball de Bastons Llegeix la nota de premsa associada a l&#8217;assoliment del doble R\u00e8cord Mundial de Ball [&hellip;]\" \/>\n<meta property=\"og:url\" content=\"https:\/\/araisemprecultura.cat\/\" \/>\n<meta property=\"og:site_name\" content=\"ARA I SEMPRE\" \/>\n<meta property=\"article:modified_time\" content=\"2025-11-14T19:51:18+00:00\" \/>\n<meta property=\"og:image\" content=\"https:\/\/araisemprecultura.cat\/wp-content\/uploads\/2022\/02\/Disseny-imatge-ara-i-sempre-161-1.png\" \/>\n\t<meta property=\"og:image:width\" content=\"1962\" \/>\n\t<meta property=\"og:image:height\" content=\"713\" \/>\n\t<meta property=\"og:image:type\" content=\"image\/png\" \/>\n<meta name=\"twitter:card\" content=\"summary_large_image\" \/>\n<meta name=\"twitter:label1\" content=\"Temps estimat de lectura\" \/>\n\t<meta name=\"twitter:data1\" content=\"6 minuts\" \/>\n<script type=\"application\/ld+json\" class=\"yoast-schema-graph\">{\"@context\":\"https:\/\/schema.org\",\"@graph\":[{\"@type\":\"WebPage\",\"@id\":\"https:\/\/araisemprecultura.cat\/\",\"url\":\"https:\/\/araisemprecultura.cat\/\",\"name\":\"Inici - ARA I SEMPRE\",\"isPartOf\":{\"@id\":\"https:\/\/araisemprecultura.cat\/#website\"},\"datePublished\":\"2022-02-19T09:28:00+00:00\",\"dateModified\":\"2025-11-14T19:51:18+00:00\",\"breadcrumb\":{\"@id\":\"https:\/\/araisemprecultura.cat\/#breadcrumb\"},\"inLanguage\":\"ca\",\"potentialAction\":[{\"@type\":\"ReadAction\",\"target\":[\"https:\/\/araisemprecultura.cat\/\"]}]},{\"@type\":\"BreadcrumbList\",\"@id\":\"https:\/\/araisemprecultura.cat\/#breadcrumb\",\"itemListElement\":[{\"@type\":\"ListItem\",\"position\":1,\"name\":\"Inici\",\"item\":\"https:\/\/araisemprecultura.cat\/\"},{\"@type\":\"ListItem\",\"position\":2,\"name\":\"Inici\"}]},{\"@type\":\"WebSite\",\"@id\":\"https:\/\/araisemprecultura.cat\/#website\",\"url\":\"https:\/\/araisemprecultura.cat\/\",\"name\":\"ARA I SEMPRE\",\"description\":\"\",\"publisher\":{\"@id\":\"https:\/\/araisemprecultura.cat\/#organization\"},\"potentialAction\":[{\"@type\":\"SearchAction\",\"target\":{\"@type\":\"EntryPoint\",\"urlTemplate\":\"https:\/\/araisemprecultura.cat\/?s={search_term_string}\"},\"query-input\":\"required name=search_term_string\"}],\"inLanguage\":\"ca\"},{\"@type\":\"Organization\",\"@id\":\"https:\/\/araisemprecultura.cat\/#organization\",\"name\":\"ARA I SEMPRE\",\"url\":\"https:\/\/araisemprecultura.cat\/\",\"logo\":{\"@type\":\"ImageObject\",\"inLanguage\":\"ca\",\"@id\":\"https:\/\/araisemprecultura.cat\/#\/schema\/logo\/image\/\",\"url\":\"https:\/\/araisemprecultura.cat\/wp-content\/uploads\/2022\/02\/Disseny-imatge-ara-i-sempre-161.png\",\"contentUrl\":\"https:\/\/araisemprecultura.cat\/wp-content\/uploads\/2022\/02\/Disseny-imatge-ara-i-sempre-161.png\",\"width\":\"1962\",\"height\":\"713\",\"caption\":\"ARA I SEMPRE\"},\"image\":{\"@id\":\"https:\/\/araisemprecultura.cat\/#\/schema\/logo\/image\/\"}}]}<\/script>\n<!-- \/ Yoast SEO plugin. -->","yoast_head_json":{"title":"Inici - ARA I SEMPRE","robots":{"index":"index","follow":"follow","max-snippet":"max-snippet:-1","max-image-preview":"max-image-preview:large","max-video-preview":"max-video-preview:-1"},"canonical":"https:\/\/araisemprecultura.cat\/","og_locale":"ca_ES","og_type":"article","og_title":"Inici - ARA I SEMPRE","og_description":"NOT\u00cdCIES DESTACADES Exposici\u00f3 Virtual de la Cultura Popular &#8211; ARA I SEMPRE Neix l&#8217;exposici\u00f3 virtual de la Cultura Popular de Catalunya &#8211; ARA I SEMPRE! Ajuda&#8217;ns a fer-la m\u00e9s gran i completa! M\u00e9s informaci\u00f3 [Cr\u00f2nica] R\u00e8cord Mundial de Ball de Bastons Llegeix la nota de premsa associada a l&#8217;assoliment del doble R\u00e8cord Mundial de Ball [&hellip;]","og_url":"https:\/\/araisemprecultura.cat\/","og_site_name":"ARA I SEMPRE","article_modified_time":"2025-11-14T19:51:18+00:00","og_image":[{"width":"1962","height":"713","url":"https:\/\/araisemprecultura.cat\/wp-content\/uploads\/2022\/02\/Disseny-imatge-ara-i-sempre-161-1.png","type":"image\/png"}],"twitter_card":"summary_large_image","twitter_misc":{"Temps estimat de lectura":"6 minuts"},"schema":{"@context":"https:\/\/schema.org","@graph":[{"@type":"WebPage","@id":"https:\/\/araisemprecultura.cat\/","url":"https:\/\/araisemprecultura.cat\/","name":"Inici - ARA I SEMPRE","isPartOf":{"@id":"https:\/\/araisemprecultura.cat\/#website"},"datePublished":"2022-02-19T09:28:00+00:00","dateModified":"2025-11-14T19:51:18+00:00","breadcrumb":{"@id":"https:\/\/araisemprecultura.cat\/#breadcrumb"},"inLanguage":"ca","potentialAction":[{"@type":"ReadAction","target":["https:\/\/araisemprecultura.cat\/"]}]},{"@type":"BreadcrumbList","@id":"https:\/\/araisemprecultura.cat\/#breadcrumb","itemListElement":[{"@type":"ListItem","position":1,"name":"Inici","item":"https:\/\/araisemprecultura.cat\/"},{"@type":"ListItem","position":2,"name":"Inici"}]},{"@type":"WebSite","@id":"https:\/\/araisemprecultura.cat\/#website","url":"https:\/\/araisemprecultura.cat\/","name":"ARA I SEMPRE","description":"","publisher":{"@id":"https:\/\/araisemprecultura.cat\/#organization"},"potentialAction":[{"@type":"SearchAction","target":{"@type":"EntryPoint","urlTemplate":"https:\/\/araisemprecultura.cat\/?s={search_term_string}"},"query-input":"required name=search_term_string"}],"inLanguage":"ca"},{"@type":"Organization","@id":"https:\/\/araisemprecultura.cat\/#organization","name":"ARA I SEMPRE","url":"https:\/\/araisemprecultura.cat\/","logo":{"@type":"ImageObject","inLanguage":"ca","@id":"https:\/\/araisemprecultura.cat\/#\/schema\/logo\/image\/","url":"https:\/\/araisemprecultura.cat\/wp-content\/uploads\/2022\/02\/Disseny-imatge-ara-i-sempre-161.png","contentUrl":"https:\/\/araisemprecultura.cat\/wp-content\/uploads\/2022\/02\/Disseny-imatge-ara-i-sempre-161.png","width":"1962","height":"713","caption":"ARA I SEMPRE"},"image":{"@id":"https:\/\/araisemprecultura.cat\/#\/schema\/logo\/image\/"}}]}},"_links":{"self":[{"href":"https:\/\/araisemprecultura.cat\/index.php\/wp-json\/wp\/v2\/pages\/40","targetHints":{"allow":["GET"]}}],"collection":[{"href":"https:\/\/araisemprecultura.cat\/index.php\/wp-json\/wp\/v2\/pages"}],"about":[{"href":"https:\/\/araisemprecultura.cat\/index.php\/wp-json\/wp\/v2\/types\/page"}],"author":[{"embeddable":true,"href":"https:\/\/araisemprecultura.cat\/index.php\/wp-json\/wp\/v2\/users\/1"}],"replies":[{"embeddable":true,"href":"https:\/\/araisemprecultura.cat\/index.php\/wp-json\/wp\/v2\/comments?post=40"}],"version-history":[{"count":471,"href":"https:\/\/araisemprecultura.cat\/index.php\/wp-json\/wp\/v2\/pages\/40\/revisions"}],"predecessor-version":[{"id":7332,"href":"https:\/\/araisemprecultura.cat\/index.php\/wp-json\/wp\/v2\/pages\/40\/revisions\/7332"}],"wp:featuredmedia":[{"embeddable":true,"href":"https:\/\/araisemprecultura.cat\/index.php\/wp-json\/wp\/v2\/media\/44"}],"wp:attachment":[{"href":"https:\/\/araisemprecultura.cat\/index.php\/wp-json\/wp\/v2\/media?parent=40"}],"curies":[{"name":"wp","href":"https:\/\/api.w.org\/{rel}","templated":true}]}}