{"version":"1.0","provider_name":"ARA I SEMPRE","provider_url":"https:\/\/araisemprecultura.cat","author_name":"Associaci\u00f3 ARA I SEMPRE","author_url":"https:\/\/araisemprecultura.cat\/index.php\/author\/araisempre\/","title":"Dia Internacional de la Inf\u00e0ncia - ARA I SEMPRE","type":"rich","width":600,"height":338,"html":"<blockquote class=\"wp-embedded-content\" data-secret=\"PSno5JPmXg\"><a href=\"https:\/\/araisemprecultura.cat\/index.php\/dia-internacional-de-la-infancia\/noticies\/araisempre\/\">Dia Internacional de la Inf\u00e0ncia<\/a><\/blockquote><iframe sandbox=\"allow-scripts\" security=\"restricted\" src=\"https:\/\/araisemprecultura.cat\/index.php\/dia-internacional-de-la-infancia\/noticies\/araisempre\/embed\/#?secret=PSno5JPmXg\" width=\"600\" height=\"338\" title=\"&#8220;Dia Internacional de la Inf\u00e0ncia&#8221; &#8212; ARA I SEMPRE\" data-secret=\"PSno5JPmXg\" frameborder=\"0\" marginwidth=\"0\" marginheight=\"0\" scrolling=\"no\" class=\"wp-embedded-content\"><\/iframe><script>\n\/*! This file is auto-generated *\/\n!function(d,l){\"use strict\";l.querySelector&&d.addEventListener&&\"undefined\"!=typeof URL&&(d.wp=d.wp||{},d.wp.receiveEmbedMessage||(d.wp.receiveEmbedMessage=function(e){var t=e.data;if((t||t.secret||t.message||t.value)&&!\/[^a-zA-Z0-9]\/.test(t.secret)){for(var s,r,n,a=l.querySelectorAll('iframe[data-secret=\"'+t.secret+'\"]'),o=l.querySelectorAll('blockquote[data-secret=\"'+t.secret+'\"]'),c=new RegExp(\"^https?:$\",\"i\"),i=0;i<o.length;i++)o[i].style.display=\"none\";for(i=0;i<a.length;i++)s=a[i],e.source===s.contentWindow&&(s.removeAttribute(\"style\"),\"height\"===t.message?(1e3<(r=parseInt(t.value,10))?r=1e3:~~r<200&&(r=200),s.height=r):\"link\"===t.message&&(r=new URL(s.getAttribute(\"src\")),n=new URL(t.value),c.test(n.protocol))&&n.host===r.host&&l.activeElement===s&&(d.top.location.href=t.value))}},d.addEventListener(\"message\",d.wp.receiveEmbedMessage,!1),l.addEventListener(\"DOMContentLoaded\",function(){for(var e,t,s=l.querySelectorAll(\"iframe.wp-embedded-content\"),r=0;r<s.length;r++)(t=(e=s[r]).getAttribute(\"data-secret\"))||(t=Math.random().toString(36).substring(2,12),e.src+=\"#?secret=\"+t,e.setAttribute(\"data-secret\",t)),e.contentWindow.postMessage({message:\"ready\",secret:t},\"*\")},!1)))}(window,document);\n\/\/# sourceURL=https:\/\/araisemprecultura.cat\/wp-includes\/js\/wp-embed.min.js\n<\/script>\n","thumbnail_url":"https:\/\/araisemprecultura.cat\/wp-content\/uploads\/2025\/11\/??-Aquest-mati-el-@balldebastonslagarriga-hem-estat-a-Les-Franqueses-del-Valles-convidades-pe.jpg","thumbnail_width":"1080","thumbnail_height":"1080","description":"Aquest mat\u00ed el\u00a0@balldebastonslagarriga\u00a0hem estat a Les Franqueses del Vall\u00e8s, convidades pel seu ajuntament, per participar en la XIII Festa de la Inf\u00e0ncia. All\u00e0 hem anat una part de la colla per fer una petita mostra seguida d\u2019un taller on qui ha volgut ha pogut provar d\u2019agafar bastons i aprendre un parell de coreografies amb nosaltres. [&hellip;]"}